{"id":47546,"date":"2026-03-13T07:35:00","date_gmt":"2026-03-13T11:35:00","guid":{"rendered":"https:\/\/www.millerthomson.com\/?post_type=team&#038;p=47546"},"modified":"2026-03-16T15:52:29","modified_gmt":"2026-03-16T19:52:29","slug":"emma-raphaelle-leblanc","status":"publish","type":"team","link":"https:\/\/www.millerthomson.com\/fr\/votre-equipe\/emma-raphaelle-leblanc\/","title":{"rendered":"Emma-Rapha\u00eblle Le Blanc"},"content":{"rendered":"\n<p>Emma-Rapha\u00eblle, soci\u00e9taire au sein du groupe Litige commercial de Miller Thomson, s\u2019est jointe au cabinet en 2024 \u00e0 titre d\u2019\u00e9tudiante, puis y a effectu\u00e9 avec succ\u00e8s son stage du Barreau. Sa pratique porte principalement sur les litiges civils et commerciaux.<\/p>\n\n\n\n<p>Poss\u00e9dant un parcours diversifi\u00e9, Emma-Rapha\u00eblle a travaill\u00e9 pour une firme mondiale de conseil en ing\u00e9nierie, o\u00f9 elle a contribu\u00e9 \u00e0 des mandats en assurance et en acquisition d\u2019entreprises, avant de se joindre \u00e0 notre \u00e9quipe. Cette exp\u00e9rience lui a permis d\u2019acqu\u00e9rir une compr\u00e9hension pr\u00e9cise des enjeux complexes auxquels sont confront\u00e9es les entreprises.<\/p>\n\n\n\n<p>Engag\u00e9e et proactive, Emma-Rapha\u00eblle a \u00e9t\u00e9 impliqu\u00e9e dans plusieurs initiatives universitaires, notamment au sein du comit\u00e9 Droit des affaires et du comit\u00e9 Acc\u00e8s \u00e0 la justice. Dans ces postes de leadership, elle a contribu\u00e9 \u00e0 l\u2019organisation d\u2019\u00e9v\u00e9nements de r\u00e9seautage et \u00e0 la promotion de l\u2019acc\u00e8s \u00e9quitable \u00e0 la justice.<\/p>\n\n\n\n<p><\/p>\n","protected":false},"author":123,"featured_media":36550,"template":"","role":[228],"positions":[338],"spoken-lang":[292,299],"badges":[],"class_list":["post-47546","team","type-team","status-publish","has-post-thumbnail","hentry"],"acf":[],"yoast_head":"<!-- This site is optimized with the Yoast SEO plugin v26.1.1 - https:\/\/yoast.com\/wordpress\/plugins\/seo\/ -->\n<title>Emma-Rapha\u00eblle Le Blanc | Miller Thomson<\/title>\n<meta name=\"description\" content=\"Emma-Rapha\u00eblle pratique principalement sur les litiges civils et commerciaux.\" \/>\n<meta name=\"robots\" content=\"index, follow, max-snippet:-1, max-image-preview:large, max-video-preview:-1\" \/>\n<link rel=\"canonical\" href=\"https:\/\/www.millerthomson.com\/fr\/votre-equipe\/emma-raphaelle-leblanc\/\" \/>\n<meta property=\"og:locale\" content=\"fr_FR\" \/>\n<meta property=\"og:type\" content=\"article\" \/>\n<meta property=\"og:title\" content=\"Emma-Rapha\u00eblle Le Blanc | Miller Thomson\" \/>\n<meta property=\"og:description\" content=\"Emma-Rapha\u00eblle pratique principalement sur les litiges civils et commerciaux.\" \/>\n<meta property=\"og:url\" content=\"https:\/\/www.millerthomson.com\/fr\/votre-equipe\/emma-raphaelle-leblanc\/\" \/>\n<meta property=\"og:site_name\" content=\"Miller Thomson\" \/>\n<meta property=\"article:publisher\" content=\"https:\/\/www.facebook.com\/MillerThomsonLaw\/\" \/>\n<meta property=\"article:modified_time\" content=\"2026-03-16T19:52:29+00:00\" \/>\n<meta property=\"og:image\" content=\"https:\/\/www.millerthomson.com\/wp-content\/uploads\/2025\/07\/emma-raphaelle-leblanc.jpg\" \/>\n\t<meta property=\"og:image:width\" content=\"1200\" \/>\n\t<meta property=\"og:image:height\" content=\"1440\" \/>\n\t<meta property=\"og:image:type\" content=\"image\/jpeg\" \/>\n<meta name=\"twitter:card\" content=\"summary_large_image\" \/>\n<meta name=\"twitter:site\" content=\"@millerthomson\" \/>\n<meta name=\"twitter:label1\" content=\"Est. reading time\" \/>\n\t<meta name=\"twitter:data1\" content=\"1 minute\" \/>\n<script type=\"application\/ld+json\" class=\"yoast-schema-graph\">{\"@context\":\"https:\/\/schema.org\",\"@graph\":[{\"@type\":[\"WebPage\",\"ProfilePage\"],\"@id\":\"https:\/\/www.millerthomson.com\/fr\/votre-equipe\/emma-raphaelle-leblanc\/\",\"url\":\"https:\/\/www.millerthomson.com\/fr\/votre-equipe\/emma-raphaelle-leblanc\/\",\"name\":\"Emma-Rapha\u00eblle Le Blanc | Miller Thomson\",\"isPartOf\":{\"@id\":\"https:\/\/www.millerthomson.com\/fr\/#website\"},\"primaryImageOfPage\":{\"@id\":\"https:\/\/www.millerthomson.com\/fr\/votre-equipe\/emma-raphaelle-leblanc\/#primaryimage\"},\"image\":{\"@id\":\"https:\/\/www.millerthomson.com\/fr\/votre-equipe\/emma-raphaelle-leblanc\/#primaryimage\"},\"thumbnailUrl\":\"https:\/\/www.millerthomson.com\/wp-content\/uploads\/2025\/07\/emma-raphaelle-leblanc.jpg\",\"datePublished\":\"2026-03-13T11:35:00+00:00\",\"dateModified\":\"2026-03-16T19:52:29+00:00\",\"description\":\"Emma-Rapha\u00eblle pratique principalement sur les litiges civils et commerciaux.\",\"breadcrumb\":{\"@id\":\"https:\/\/www.millerthomson.com\/fr\/votre-equipe\/emma-raphaelle-leblanc\/#breadcrumb\"},\"inLanguage\":\"fr-FR\",\"potentialAction\":[{\"@type\":\"ReadAction\",\"target\":[\"https:\/\/www.millerthomson.com\/fr\/votre-equipe\/emma-raphaelle-leblanc\/\"]}]},{\"@type\":\"ImageObject\",\"inLanguage\":\"fr-FR\",\"@id\":\"https:\/\/www.millerthomson.com\/fr\/votre-equipe\/emma-raphaelle-leblanc\/#primaryimage\",\"url\":\"https:\/\/www.millerthomson.com\/wp-content\/uploads\/2025\/07\/emma-raphaelle-leblanc.jpg\",\"contentUrl\":\"https:\/\/www.millerthomson.com\/wp-content\/uploads\/2025\/07\/emma-raphaelle-leblanc.jpg\",\"width\":1200,\"height\":1440,\"caption\":\"Photo of Emma-Raphelle Leblanc\"},{\"@type\":\"BreadcrumbList\",\"@id\":\"https:\/\/www.millerthomson.com\/fr\/votre-equipe\/emma-raphaelle-leblanc\/#breadcrumb\",\"itemListElement\":[{\"@type\":\"ListItem\",\"position\":1,\"name\":\"Accueil\",\"item\":\"https:\/\/www.millerthomson.com\/fr\/\"},{\"@type\":\"ListItem\",\"position\":2,\"name\":\"\u00c9quipe\",\"item\":\"https:\/\/www.millerthomson.com\/fr\/votre-equipe\/\"},{\"@type\":\"ListItem\",\"position\":3,\"name\":\"Emma-Rapha\u00eblle Le Blanc\"}]},{\"@type\":\"WebSite\",\"@id\":\"https:\/\/www.millerthomson.com\/fr\/#website\",\"url\":\"https:\/\/www.millerthomson.com\/fr\/\",\"name\":\"Miller Thomson | Cabinet de droit des affaires pancanadien\",\"description\":\"National law firm providing business law expertise and litigation and disputes services for businesses across Canada since 1957.\",\"publisher\":{\"@id\":\"https:\/\/www.millerthomson.com\/fr\/#organization\"},\"potentialAction\":[{\"@type\":\"SearchAction\",\"target\":{\"@type\":\"EntryPoint\",\"urlTemplate\":\"https:\/\/www.millerthomson.com\/fr\/?s={search_term_string}\"},\"query-input\":{\"@type\":\"PropertyValueSpecification\",\"valueRequired\":true,\"valueName\":\"search_term_string\"}}],\"inLanguage\":\"fr-FR\"},{\"@type\":\"Organization\",\"@id\":\"https:\/\/www.millerthomson.com\/fr\/#organization\",\"name\":\"Miller Thomson | Cabinet de droit des affaires pancanadien\",\"url\":\"https:\/\/www.millerthomson.com\/fr\/\",\"logo\":{\"@type\":\"ImageObject\",\"inLanguage\":\"fr-FR\",\"@id\":\"https:\/\/www.millerthomson.com\/fr\/#\/schema\/logo\/image\/\",\"url\":\"https:\/\/www.millerthomson.com\/wp-content\/uploads\/2024\/10\/miller-thomson.svg\",\"contentUrl\":\"https:\/\/www.millerthomson.com\/wp-content\/uploads\/2024\/10\/miller-thomson.svg\",\"width\":380,\"height\":50,\"caption\":\"Miller Thomson | Cabinet de droit des affaires pancanadien\"},\"image\":{\"@id\":\"https:\/\/www.millerthomson.com\/fr\/#\/schema\/logo\/image\/\"},\"sameAs\":[\"https:\/\/www.facebook.com\/MillerThomsonLaw\/\",\"https:\/\/x.com\/millerthomson\",\"https:\/\/www.linkedin.com\/company\/miller-thomson-llp\/\",\"https:\/\/www.youtube.com\/@millerthomson\"],\"mainEntityOfPage\":{\"@id\":\"https:\/\/www.millerthomson.com\/fr\/votre-equipe\/emma-raphaelle-leblanc\/\"}}]}<\/script>\n<!-- \/ Yoast SEO plugin. -->","yoast_head_json":{"title":"Emma-Rapha\u00eblle Le Blanc | Miller Thomson","description":"Emma-Rapha\u00eblle pratique principalement sur les litiges civils et commerciaux.","robots":{"index":"index","follow":"follow","max-snippet":"max-snippet:-1","max-image-preview":"max-image-preview:large","max-video-preview":"max-video-preview:-1"},"canonical":"https:\/\/www.millerthomson.com\/fr\/votre-equipe\/emma-raphaelle-leblanc\/","og_locale":"fr_FR","og_type":"article","og_title":"Emma-Rapha\u00eblle Le Blanc | Miller Thomson","og_description":"Emma-Rapha\u00eblle pratique principalement sur les litiges civils et commerciaux.","og_url":"https:\/\/www.millerthomson.com\/fr\/votre-equipe\/emma-raphaelle-leblanc\/","og_site_name":"Miller Thomson","article_publisher":"https:\/\/www.facebook.com\/MillerThomsonLaw\/","article_modified_time":"2026-03-16T19:52:29+00:00","og_image":[{"width":1200,"height":1440,"url":"https:\/\/www.millerthomson.com\/wp-content\/uploads\/2025\/07\/emma-raphaelle-leblanc.jpg","type":"image\/jpeg"}],"twitter_card":"summary_large_image","twitter_site":"@millerthomson","twitter_misc":{"Est. reading time":"1 minute"},"schema":{"@context":"https:\/\/schema.org","@graph":[{"@type":["WebPage","ProfilePage"],"@id":"https:\/\/www.millerthomson.com\/fr\/votre-equipe\/emma-raphaelle-leblanc\/","url":"https:\/\/www.millerthomson.com\/fr\/votre-equipe\/emma-raphaelle-leblanc\/","name":"Emma-Rapha\u00eblle Le Blanc | Miller Thomson","isPartOf":{"@id":"https:\/\/www.millerthomson.com\/fr\/#website"},"primaryImageOfPage":{"@id":"https:\/\/www.millerthomson.com\/fr\/votre-equipe\/emma-raphaelle-leblanc\/#primaryimage"},"image":{"@id":"https:\/\/www.millerthomson.com\/fr\/votre-equipe\/emma-raphaelle-leblanc\/#primaryimage"},"thumbnailUrl":"https:\/\/www.millerthomson.com\/wp-content\/uploads\/2025\/07\/emma-raphaelle-leblanc.jpg","datePublished":"2026-03-13T11:35:00+00:00","dateModified":"2026-03-16T19:52:29+00:00","description":"Emma-Rapha\u00eblle pratique principalement sur les litiges civils et commerciaux.","breadcrumb":{"@id":"https:\/\/www.millerthomson.com\/fr\/votre-equipe\/emma-raphaelle-leblanc\/#breadcrumb"},"inLanguage":"fr-FR","potentialAction":[{"@type":"ReadAction","target":["https:\/\/www.millerthomson.com\/fr\/votre-equipe\/emma-raphaelle-leblanc\/"]}]},{"@type":"ImageObject","inLanguage":"fr-FR","@id":"https:\/\/www.millerthomson.com\/fr\/votre-equipe\/emma-raphaelle-leblanc\/#primaryimage","url":"https:\/\/www.millerthomson.com\/wp-content\/uploads\/2025\/07\/emma-raphaelle-leblanc.jpg","contentUrl":"https:\/\/www.millerthomson.com\/wp-content\/uploads\/2025\/07\/emma-raphaelle-leblanc.jpg","width":1200,"height":1440,"caption":"Photo of Emma-Raphelle Leblanc"},{"@type":"BreadcrumbList","@id":"https:\/\/www.millerthomson.com\/fr\/votre-equipe\/emma-raphaelle-leblanc\/#breadcrumb","itemListElement":[{"@type":"ListItem","position":1,"name":"Accueil","item":"https:\/\/www.millerthomson.com\/fr\/"},{"@type":"ListItem","position":2,"name":"\u00c9quipe","item":"https:\/\/www.millerthomson.com\/fr\/votre-equipe\/"},{"@type":"ListItem","position":3,"name":"Emma-Rapha\u00eblle Le Blanc"}]},{"@type":"WebSite","@id":"https:\/\/www.millerthomson.com\/fr\/#website","url":"https:\/\/www.millerthomson.com\/fr\/","name":"Miller Thomson | Cabinet de droit des affaires pancanadien","description":"National law firm providing business law expertise and litigation and disputes services for businesses across Canada since 1957.","publisher":{"@id":"https:\/\/www.millerthomson.com\/fr\/#organization"},"potentialAction":[{"@type":"SearchAction","target":{"@type":"EntryPoint","urlTemplate":"https:\/\/www.millerthomson.com\/fr\/?s={search_term_string}"},"query-input":{"@type":"PropertyValueSpecification","valueRequired":true,"valueName":"search_term_string"}}],"inLanguage":"fr-FR"},{"@type":"Organization","@id":"https:\/\/www.millerthomson.com\/fr\/#organization","name":"Miller Thomson | Cabinet de droit des affaires pancanadien","url":"https:\/\/www.millerthomson.com\/fr\/","logo":{"@type":"ImageObject","inLanguage":"fr-FR","@id":"https:\/\/www.millerthomson.com\/fr\/#\/schema\/logo\/image\/","url":"https:\/\/www.millerthomson.com\/wp-content\/uploads\/2024\/10\/miller-thomson.svg","contentUrl":"https:\/\/www.millerthomson.com\/wp-content\/uploads\/2024\/10\/miller-thomson.svg","width":380,"height":50,"caption":"Miller Thomson | Cabinet de droit des affaires pancanadien"},"image":{"@id":"https:\/\/www.millerthomson.com\/fr\/#\/schema\/logo\/image\/"},"sameAs":["https:\/\/www.facebook.com\/MillerThomsonLaw\/","https:\/\/x.com\/millerthomson","https:\/\/www.linkedin.com\/company\/miller-thomson-llp\/","https:\/\/www.youtube.com\/@millerthomson"],"mainEntityOfPage":{"@id":"https:\/\/www.millerthomson.com\/fr\/votre-equipe\/emma-raphaelle-leblanc\/"}}]}},"_links":{"self":[{"href":"https:\/\/www.millerthomson.com\/fr\/wp-json\/wp\/v2\/team\/47546","targetHints":{"allow":["GET"]}}],"collection":[{"href":"https:\/\/www.millerthomson.com\/fr\/wp-json\/wp\/v2\/team"}],"about":[{"href":"https:\/\/www.millerthomson.com\/fr\/wp-json\/wp\/v2\/types\/team"}],"author":[{"embeddable":true,"href":"https:\/\/www.millerthomson.com\/fr\/wp-json\/wp\/v2\/users\/123"}],"version-history":[{"count":4,"href":"https:\/\/www.millerthomson.com\/fr\/wp-json\/wp\/v2\/team\/47546\/revisions"}],"predecessor-version":[{"id":47619,"href":"https:\/\/www.millerthomson.com\/fr\/wp-json\/wp\/v2\/team\/47546\/revisions\/47619"}],"wp:featuredmedia":[{"embeddable":true,"href":"https:\/\/www.millerthomson.com\/fr\/wp-json\/wp\/v2\/media\/36550"}],"wp:attachment":[{"href":"https:\/\/www.millerthomson.com\/fr\/wp-json\/wp\/v2\/media?parent=47546"}],"wp:term":[{"taxonomy":"role","embeddable":true,"href":"https:\/\/www.millerthomson.com\/fr\/wp-json\/wp\/v2\/role?post=47546"},{"taxonomy":"positions","embeddable":true,"href":"https:\/\/www.millerthomson.com\/fr\/wp-json\/wp\/v2\/positions?post=47546"},{"taxonomy":"spoken-lang","embeddable":true,"href":"https:\/\/www.millerthomson.com\/fr\/wp-json\/wp\/v2\/spoken-lang?post=47546"},{"taxonomy":"badges","embeddable":true,"href":"https:\/\/www.millerthomson.com\/fr\/wp-json\/wp\/v2\/badges?post=47546"}],"curies":[{"name":"wp","href":"https:\/\/api.w.org\/{rel}","templated":true}]}}