{"id":43365,"date":"2026-01-05T09:09:21","date_gmt":"2026-01-05T14:09:21","guid":{"rendered":"https:\/\/www.millerthomson.com\/?post_type=team&#038;p=43365"},"modified":"2026-04-16T09:30:10","modified_gmt":"2026-04-16T13:30:10","slug":"frederique-beauvais","status":"publish","type":"team","link":"https:\/\/www.millerthomson.com\/fr\/votre-equipe\/frederique-beauvais\/","title":{"rendered":"Fr\u00e9d\u00e9rique Beauvais"},"content":{"rendered":"\n<p>Fr\u00e9d\u00e9rique Beauvais concentre sa pratique sur le droit de la construction. Elle repr\u00e9sente ses clients devant les tribunaux dans des dossiers complexes impliquant des r\u00e9clamations pour malfa\u00e7ons, des litiges contractuels ou des enjeux li\u00e9s \u00e0 la responsabilit\u00e9 professionnelle et \u00e0 des projets majeurs. Elle intervient \u00e9galement en amont pour offrir des conseils strat\u00e9giques en mati\u00e8re de pr\u00e9vention des litiges et de gestion des risques.<br><br>Dans le cadre de sa pratique, Fr\u00e9d\u00e9rique privil\u00e9gie une approche rigoureuse, strat\u00e9gique et orient\u00e9e vers des solutions concr\u00e8tes. Elle est reconnue pour son int\u00e9grit\u00e9, son entregent et son souci marqu\u00e9 du d\u00e9tail.<br><br>Fr\u00e9d\u00e9rique s\u2019est jointe au bureau de Montr\u00e9al apr\u00e8s avoir exerc\u00e9 au sein d\u2019un cabinet priv\u00e9 r\u00e9put\u00e9, o\u00f9 elle a acquis une solide exp\u00e9rience en litige civil, notamment en assurance, en responsabilit\u00e9 professionnelle et en droit de la construction. Elle a \u00e9galement pratiqu\u00e9 en droit disciplinaire et en litige commercial. Curieuse et m\u00e9thodique, Fr\u00e9d\u00e9rique a trac\u00e9 un parcours vari\u00e9 qui lui permet de cerner rapidement les enjeux juridiques et de proposer des solutions adapt\u00e9es aux r\u00e9alit\u00e9s propres \u00e0 chaque dossier.<br><br>Membre du Barreau du Qu\u00e9bec et du Jeune Barreau de Montr\u00e9al, Fr\u00e9d\u00e9rique s\u2019engage \u00e0 respecter les normes les plus \u00e9lev\u00e9es de la profession juridique.<\/p>\n","protected":false},"author":123,"featured_media":43370,"template":"","role":[228],"positions":[338],"spoken-lang":[292,299],"badges":[],"class_list":["post-43365","team","type-team","status-publish","has-post-thumbnail","hentry"],"acf":[],"yoast_head":"<!-- This site is optimized with the Yoast SEO plugin v26.1.1 - https:\/\/yoast.com\/wordpress\/plugins\/seo\/ -->\n<title>Fr\u00e9d\u00e9rique Beauvais | Miller Thomson<\/title>\n<meta name=\"description\" content=\"Fr\u00e9d\u00e9rique Beauvais concentre sa pratique sur le droit de la construction.\" \/>\n<meta name=\"robots\" content=\"index, follow, max-snippet:-1, max-image-preview:large, max-video-preview:-1\" \/>\n<link rel=\"canonical\" href=\"https:\/\/www.millerthomson.com\/fr\/votre-equipe\/frederique-beauvais\/\" \/>\n<meta property=\"og:locale\" content=\"fr_FR\" \/>\n<meta property=\"og:type\" content=\"article\" \/>\n<meta property=\"og:title\" content=\"Fr\u00e9d\u00e9rique Beauvais | Miller Thomson\" \/>\n<meta property=\"og:description\" content=\"Fr\u00e9d\u00e9rique Beauvais concentre sa pratique sur le droit de la construction.\" \/>\n<meta property=\"og:url\" content=\"https:\/\/www.millerthomson.com\/fr\/votre-equipe\/frederique-beauvais\/\" \/>\n<meta property=\"og:site_name\" content=\"Miller Thomson\" \/>\n<meta property=\"article:publisher\" content=\"https:\/\/www.facebook.com\/MillerThomsonLaw\/\" \/>\n<meta property=\"article:modified_time\" content=\"2026-04-16T13:30:10+00:00\" \/>\n<meta property=\"og:image\" content=\"https:\/\/www.millerthomson.com\/wp-content\/uploads\/2025\/12\/frederique-beauvais.jpg\" \/>\n\t<meta property=\"og:image:width\" content=\"1200\" \/>\n\t<meta property=\"og:image:height\" content=\"1440\" \/>\n\t<meta property=\"og:image:type\" content=\"image\/jpeg\" \/>\n<meta name=\"twitter:card\" content=\"summary_large_image\" \/>\n<meta name=\"twitter:site\" content=\"@millerthomson\" \/>\n<meta name=\"twitter:label1\" content=\"Est. reading time\" \/>\n\t<meta name=\"twitter:data1\" content=\"1 minute\" \/>\n<script type=\"application\/ld+json\" class=\"yoast-schema-graph\">{\"@context\":\"https:\/\/schema.org\",\"@graph\":[{\"@type\":[\"WebPage\",\"ProfilePage\"],\"@id\":\"https:\/\/www.millerthomson.com\/fr\/votre-equipe\/frederique-beauvais\/\",\"url\":\"https:\/\/www.millerthomson.com\/fr\/votre-equipe\/frederique-beauvais\/\",\"name\":\"Fr\u00e9d\u00e9rique Beauvais | Miller Thomson\",\"isPartOf\":{\"@id\":\"https:\/\/www.millerthomson.com\/fr\/#website\"},\"primaryImageOfPage\":{\"@id\":\"https:\/\/www.millerthomson.com\/fr\/votre-equipe\/frederique-beauvais\/#primaryimage\"},\"image\":{\"@id\":\"https:\/\/www.millerthomson.com\/fr\/votre-equipe\/frederique-beauvais\/#primaryimage\"},\"thumbnailUrl\":\"https:\/\/www.millerthomson.com\/wp-content\/uploads\/2025\/12\/frederique-beauvais.jpg\",\"datePublished\":\"2026-01-05T14:09:21+00:00\",\"dateModified\":\"2026-04-16T13:30:10+00:00\",\"description\":\"Fr\u00e9d\u00e9rique Beauvais concentre sa pratique sur le droit de la construction.\",\"breadcrumb\":{\"@id\":\"https:\/\/www.millerthomson.com\/fr\/votre-equipe\/frederique-beauvais\/#breadcrumb\"},\"inLanguage\":\"fr-FR\",\"potentialAction\":[{\"@type\":\"ReadAction\",\"target\":[\"https:\/\/www.millerthomson.com\/fr\/votre-equipe\/frederique-beauvais\/\"]}]},{\"@type\":\"ImageObject\",\"inLanguage\":\"fr-FR\",\"@id\":\"https:\/\/www.millerthomson.com\/fr\/votre-equipe\/frederique-beauvais\/#primaryimage\",\"url\":\"https:\/\/www.millerthomson.com\/wp-content\/uploads\/2025\/12\/frederique-beauvais.jpg\",\"contentUrl\":\"https:\/\/www.millerthomson.com\/wp-content\/uploads\/2025\/12\/frederique-beauvais.jpg\",\"width\":1200,\"height\":1440,\"caption\":\"Photo of Frederique Beauvais\"},{\"@type\":\"BreadcrumbList\",\"@id\":\"https:\/\/www.millerthomson.com\/fr\/votre-equipe\/frederique-beauvais\/#breadcrumb\",\"itemListElement\":[{\"@type\":\"ListItem\",\"position\":1,\"name\":\"Accueil\",\"item\":\"https:\/\/www.millerthomson.com\/fr\/\"},{\"@type\":\"ListItem\",\"position\":2,\"name\":\"\u00c9quipe\",\"item\":\"https:\/\/www.millerthomson.com\/fr\/votre-equipe\/\"},{\"@type\":\"ListItem\",\"position\":3,\"name\":\"Fr\u00e9d\u00e9rique Beauvais\"}]},{\"@type\":\"WebSite\",\"@id\":\"https:\/\/www.millerthomson.com\/fr\/#website\",\"url\":\"https:\/\/www.millerthomson.com\/fr\/\",\"name\":\"Miller Thomson | Cabinet de droit des affaires pancanadien\",\"description\":\"National law firm providing business law expertise and litigation and disputes services for businesses across Canada since 1957.\",\"publisher\":{\"@id\":\"https:\/\/www.millerthomson.com\/fr\/#organization\"},\"potentialAction\":[{\"@type\":\"SearchAction\",\"target\":{\"@type\":\"EntryPoint\",\"urlTemplate\":\"https:\/\/www.millerthomson.com\/fr\/?s={search_term_string}\"},\"query-input\":{\"@type\":\"PropertyValueSpecification\",\"valueRequired\":true,\"valueName\":\"search_term_string\"}}],\"inLanguage\":\"fr-FR\"},{\"@type\":\"Organization\",\"@id\":\"https:\/\/www.millerthomson.com\/fr\/#organization\",\"name\":\"Miller Thomson | Cabinet de droit des affaires pancanadien\",\"url\":\"https:\/\/www.millerthomson.com\/fr\/\",\"logo\":{\"@type\":\"ImageObject\",\"inLanguage\":\"fr-FR\",\"@id\":\"https:\/\/www.millerthomson.com\/fr\/#\/schema\/logo\/image\/\",\"url\":\"https:\/\/www.millerthomson.com\/wp-content\/uploads\/2024\/10\/miller-thomson.svg\",\"contentUrl\":\"https:\/\/www.millerthomson.com\/wp-content\/uploads\/2024\/10\/miller-thomson.svg\",\"width\":380,\"height\":50,\"caption\":\"Miller Thomson | Cabinet de droit des affaires pancanadien\"},\"image\":{\"@id\":\"https:\/\/www.millerthomson.com\/fr\/#\/schema\/logo\/image\/\"},\"sameAs\":[\"https:\/\/www.facebook.com\/MillerThomsonLaw\/\",\"https:\/\/x.com\/millerthomson\",\"https:\/\/www.linkedin.com\/company\/miller-thomson-llp\/\",\"https:\/\/www.youtube.com\/@millerthomson\"],\"mainEntityOfPage\":{\"@id\":\"https:\/\/www.millerthomson.com\/fr\/votre-equipe\/frederique-beauvais\/\"}}]}<\/script>\n<!-- \/ Yoast SEO plugin. -->","yoast_head_json":{"title":"Fr\u00e9d\u00e9rique Beauvais | Miller Thomson","description":"Fr\u00e9d\u00e9rique Beauvais concentre sa pratique sur le droit de la construction.","robots":{"index":"index","follow":"follow","max-snippet":"max-snippet:-1","max-image-preview":"max-image-preview:large","max-video-preview":"max-video-preview:-1"},"canonical":"https:\/\/www.millerthomson.com\/fr\/votre-equipe\/frederique-beauvais\/","og_locale":"fr_FR","og_type":"article","og_title":"Fr\u00e9d\u00e9rique Beauvais | Miller Thomson","og_description":"Fr\u00e9d\u00e9rique Beauvais concentre sa pratique sur le droit de la construction.","og_url":"https:\/\/www.millerthomson.com\/fr\/votre-equipe\/frederique-beauvais\/","og_site_name":"Miller Thomson","article_publisher":"https:\/\/www.facebook.com\/MillerThomsonLaw\/","article_modified_time":"2026-04-16T13:30:10+00:00","og_image":[{"width":1200,"height":1440,"url":"https:\/\/www.millerthomson.com\/wp-content\/uploads\/2025\/12\/frederique-beauvais.jpg","type":"image\/jpeg"}],"twitter_card":"summary_large_image","twitter_site":"@millerthomson","twitter_misc":{"Est. reading time":"1 minute"},"schema":{"@context":"https:\/\/schema.org","@graph":[{"@type":["WebPage","ProfilePage"],"@id":"https:\/\/www.millerthomson.com\/fr\/votre-equipe\/frederique-beauvais\/","url":"https:\/\/www.millerthomson.com\/fr\/votre-equipe\/frederique-beauvais\/","name":"Fr\u00e9d\u00e9rique Beauvais | Miller Thomson","isPartOf":{"@id":"https:\/\/www.millerthomson.com\/fr\/#website"},"primaryImageOfPage":{"@id":"https:\/\/www.millerthomson.com\/fr\/votre-equipe\/frederique-beauvais\/#primaryimage"},"image":{"@id":"https:\/\/www.millerthomson.com\/fr\/votre-equipe\/frederique-beauvais\/#primaryimage"},"thumbnailUrl":"https:\/\/www.millerthomson.com\/wp-content\/uploads\/2025\/12\/frederique-beauvais.jpg","datePublished":"2026-01-05T14:09:21+00:00","dateModified":"2026-04-16T13:30:10+00:00","description":"Fr\u00e9d\u00e9rique Beauvais concentre sa pratique sur le droit de la construction.","breadcrumb":{"@id":"https:\/\/www.millerthomson.com\/fr\/votre-equipe\/frederique-beauvais\/#breadcrumb"},"inLanguage":"fr-FR","potentialAction":[{"@type":"ReadAction","target":["https:\/\/www.millerthomson.com\/fr\/votre-equipe\/frederique-beauvais\/"]}]},{"@type":"ImageObject","inLanguage":"fr-FR","@id":"https:\/\/www.millerthomson.com\/fr\/votre-equipe\/frederique-beauvais\/#primaryimage","url":"https:\/\/www.millerthomson.com\/wp-content\/uploads\/2025\/12\/frederique-beauvais.jpg","contentUrl":"https:\/\/www.millerthomson.com\/wp-content\/uploads\/2025\/12\/frederique-beauvais.jpg","width":1200,"height":1440,"caption":"Photo of Frederique Beauvais"},{"@type":"BreadcrumbList","@id":"https:\/\/www.millerthomson.com\/fr\/votre-equipe\/frederique-beauvais\/#breadcrumb","itemListElement":[{"@type":"ListItem","position":1,"name":"Accueil","item":"https:\/\/www.millerthomson.com\/fr\/"},{"@type":"ListItem","position":2,"name":"\u00c9quipe","item":"https:\/\/www.millerthomson.com\/fr\/votre-equipe\/"},{"@type":"ListItem","position":3,"name":"Fr\u00e9d\u00e9rique Beauvais"}]},{"@type":"WebSite","@id":"https:\/\/www.millerthomson.com\/fr\/#website","url":"https:\/\/www.millerthomson.com\/fr\/","name":"Miller Thomson | Cabinet de droit des affaires pancanadien","description":"National law firm providing business law expertise and litigation and disputes services for businesses across Canada since 1957.","publisher":{"@id":"https:\/\/www.millerthomson.com\/fr\/#organization"},"potentialAction":[{"@type":"SearchAction","target":{"@type":"EntryPoint","urlTemplate":"https:\/\/www.millerthomson.com\/fr\/?s={search_term_string}"},"query-input":{"@type":"PropertyValueSpecification","valueRequired":true,"valueName":"search_term_string"}}],"inLanguage":"fr-FR"},{"@type":"Organization","@id":"https:\/\/www.millerthomson.com\/fr\/#organization","name":"Miller Thomson | Cabinet de droit des affaires pancanadien","url":"https:\/\/www.millerthomson.com\/fr\/","logo":{"@type":"ImageObject","inLanguage":"fr-FR","@id":"https:\/\/www.millerthomson.com\/fr\/#\/schema\/logo\/image\/","url":"https:\/\/www.millerthomson.com\/wp-content\/uploads\/2024\/10\/miller-thomson.svg","contentUrl":"https:\/\/www.millerthomson.com\/wp-content\/uploads\/2024\/10\/miller-thomson.svg","width":380,"height":50,"caption":"Miller Thomson | Cabinet de droit des affaires pancanadien"},"image":{"@id":"https:\/\/www.millerthomson.com\/fr\/#\/schema\/logo\/image\/"},"sameAs":["https:\/\/www.facebook.com\/MillerThomsonLaw\/","https:\/\/x.com\/millerthomson","https:\/\/www.linkedin.com\/company\/miller-thomson-llp\/","https:\/\/www.youtube.com\/@millerthomson"],"mainEntityOfPage":{"@id":"https:\/\/www.millerthomson.com\/fr\/votre-equipe\/frederique-beauvais\/"}}]}},"_links":{"self":[{"href":"https:\/\/www.millerthomson.com\/fr\/wp-json\/wp\/v2\/team\/43365","targetHints":{"allow":["GET"]}}],"collection":[{"href":"https:\/\/www.millerthomson.com\/fr\/wp-json\/wp\/v2\/team"}],"about":[{"href":"https:\/\/www.millerthomson.com\/fr\/wp-json\/wp\/v2\/types\/team"}],"author":[{"embeddable":true,"href":"https:\/\/www.millerthomson.com\/fr\/wp-json\/wp\/v2\/users\/123"}],"version-history":[{"count":1,"href":"https:\/\/www.millerthomson.com\/fr\/wp-json\/wp\/v2\/team\/43365\/revisions"}],"predecessor-version":[{"id":47141,"href":"https:\/\/www.millerthomson.com\/fr\/wp-json\/wp\/v2\/team\/43365\/revisions\/47141"}],"wp:featuredmedia":[{"embeddable":true,"href":"https:\/\/www.millerthomson.com\/fr\/wp-json\/wp\/v2\/media\/43370"}],"wp:attachment":[{"href":"https:\/\/www.millerthomson.com\/fr\/wp-json\/wp\/v2\/media?parent=43365"}],"wp:term":[{"taxonomy":"role","embeddable":true,"href":"https:\/\/www.millerthomson.com\/fr\/wp-json\/wp\/v2\/role?post=43365"},{"taxonomy":"positions","embeddable":true,"href":"https:\/\/www.millerthomson.com\/fr\/wp-json\/wp\/v2\/positions?post=43365"},{"taxonomy":"spoken-lang","embeddable":true,"href":"https:\/\/www.millerthomson.com\/fr\/wp-json\/wp\/v2\/spoken-lang?post=43365"},{"taxonomy":"badges","embeddable":true,"href":"https:\/\/www.millerthomson.com\/fr\/wp-json\/wp\/v2\/badges?post=43365"}],"curies":[{"name":"wp","href":"https:\/\/api.w.org\/{rel}","templated":true}]}}