{"id":2487,"date":"2016-09-09T20:23:09","date_gmt":"2016-09-10T00:23:09","guid":{"rendered":"https:\/\/www.millerthomson.com\/your-team\/claudia-desjardins-belisle\/"},"modified":"2026-04-29T11:34:47","modified_gmt":"2026-04-29T15:34:47","slug":"claudia-desjardins-belisle","status":"publish","type":"team","link":"https:\/\/www.millerthomson.com\/fr\/votre-equipe\/claudia-desjardins-belisle\/","title":{"rendered":"Claudia Desjardins B\u00e9lisle"},"content":{"rendered":"\n<p>Claudia Desjardins B\u00e9lisle est une avocate chevronn\u00e9e en droit du travail et droit de l&#8217;emploi en plus d&rsquo;\u00eatre responsable du groupe de pratique Droit du travail et Droit de l&#8217;emploi de Miller Thomson. En f\u00e9vrier 2025, elle est devenue associ\u00e9e directrice du bureau de Montr\u00e9al. Claudia se sp\u00e9cialise dans la d\u00e9fense des employeurs face \u00e0 des litiges complexes, notamment en ce qui concerne l\u2019application de clauses restrictives et la protection des renseignements confidentiels. Elle assiste les employeurs dans des dossiers touchant la gestion de personnel au quotidien, y compris la gestion de la performance, les mesures disciplinaires et les terminaisons d&#8217;emploi. Elle intervient \u00e9galement dans plusieurs dossiers de litige entre actionnaires et apporte une exp\u00e9rience de premier plan en mati\u00e8re de pr\u00e9servation de la preuve \u00e9lectronique. Claudia accompagne ses clients lors de campagnes de syndicalisation et de n\u00e9gociations collectives, agissant tant comme porte-parole que dans un r\u00f4le de soutien, tout en plaidant avec succ\u00e8s devant les tribunaux. Sa capacit\u00e9 \u00e0 r\u00e9soudre des conflits majeurs avec une approche pratique fait d&rsquo;elle une conseill\u00e8re juridique et d&rsquo;affaires de premier plan.<\/p>\n\n\n\n<p>Claudia contribue r\u00e9guli\u00e8rement \u00e0 des conf\u00e9rences et \u00e0 des publications sur le droit du travail, abordant des questions d&rsquo;actualit\u00e9 et offrant une expertise pr\u00e9cieuse aux employeurs. Son d\u00e9vouement et son leadership font d&rsquo;elle une figure incontournable dans son domaine.<\/p>\n\n\n\n<p>L\u2019engagement de Claudia envers le mentorat et le d\u00e9veloppement professionnel lui a valu de multiples distinctions soulignant son leadership et son influence dans son domaine. Elle figure notamment dans l\u2019\u00e9dition 2025 du palmar\u00e8s 40 &amp; Under de <em>Benchmark Litigation Canada<\/em>.<\/p>\n\n\n\n<p><\/p>\n","protected":false},"author":1,"featured_media":18746,"template":"","role":[228],"positions":[335],"spoken-lang":[292,299],"badges":[],"class_list":["post-2487","team","type-team","status-publish","has-post-thumbnail","hentry"],"acf":[],"yoast_head":"<!-- This site is optimized with the Yoast SEO plugin v26.1.1 - https:\/\/yoast.com\/wordpress\/plugins\/seo\/ -->\n<title>Claudia Desjardins B\u00e9lisle | Miller Thomson<\/title>\n<meta name=\"robots\" content=\"index, follow, max-snippet:-1, max-image-preview:large, max-video-preview:-1\" \/>\n<link rel=\"canonical\" href=\"https:\/\/www.millerthomson.com\/fr\/votre-equipe\/claudia-desjardins-belisle\/\" \/>\n<meta property=\"og:locale\" content=\"fr_FR\" \/>\n<meta property=\"og:type\" content=\"article\" \/>\n<meta property=\"og:title\" content=\"Claudia Desjardins B\u00e9lisle | Miller Thomson\" \/>\n<meta property=\"og:description\" content=\"Claudia Desjardins B\u00e9lisle est une avocate chevronn\u00e9e en droit du travail et droit de l&#8217;emploi en plus d&rsquo;\u00eatre responsable du groupe de pratique Droit du travail et Droit de l&#8217;emploi de Miller Thomson. En f\u00e9vrier 2025, elle est devenue associ\u00e9e directrice du bureau de Montr\u00e9al. Claudia se sp\u00e9cialise dans la d\u00e9fense des employeurs face \u00e0 [&hellip;]\" \/>\n<meta property=\"og:url\" content=\"https:\/\/www.millerthomson.com\/fr\/votre-equipe\/claudia-desjardins-belisle\/\" \/>\n<meta property=\"og:site_name\" content=\"Miller Thomson\" \/>\n<meta property=\"article:publisher\" content=\"https:\/\/www.facebook.com\/MillerThomsonLaw\/\" \/>\n<meta property=\"article:modified_time\" content=\"2026-04-29T15:34:47+00:00\" \/>\n<meta property=\"og:image\" content=\"https:\/\/www.millerthomson.com\/wp-content\/uploads\/2016\/09\/claudia-desjardins-belisle.jpg\" \/>\n\t<meta property=\"og:image:width\" content=\"1200\" \/>\n\t<meta property=\"og:image:height\" content=\"1440\" \/>\n\t<meta property=\"og:image:type\" content=\"image\/jpeg\" \/>\n<meta name=\"twitter:card\" content=\"summary_large_image\" \/>\n<meta name=\"twitter:site\" content=\"@millerthomson\" \/>\n<meta name=\"twitter:label1\" content=\"Est. reading time\" \/>\n\t<meta name=\"twitter:data1\" content=\"2 minutes\" \/>\n<script type=\"application\/ld+json\" class=\"yoast-schema-graph\">{\"@context\":\"https:\/\/schema.org\",\"@graph\":[{\"@type\":[\"WebPage\",\"ProfilePage\"],\"@id\":\"https:\/\/www.millerthomson.com\/fr\/votre-equipe\/claudia-desjardins-belisle\/\",\"url\":\"https:\/\/www.millerthomson.com\/fr\/votre-equipe\/claudia-desjardins-belisle\/\",\"name\":\"Claudia Desjardins B\u00e9lisle | Miller Thomson\",\"isPartOf\":{\"@id\":\"https:\/\/www.millerthomson.com\/fr\/#website\"},\"primaryImageOfPage\":{\"@id\":\"https:\/\/www.millerthomson.com\/fr\/votre-equipe\/claudia-desjardins-belisle\/#primaryimage\"},\"image\":{\"@id\":\"https:\/\/www.millerthomson.com\/fr\/votre-equipe\/claudia-desjardins-belisle\/#primaryimage\"},\"thumbnailUrl\":\"https:\/\/www.millerthomson.com\/wp-content\/uploads\/2016\/09\/claudia-desjardins-belisle.jpg\",\"datePublished\":\"2016-09-10T00:23:09+00:00\",\"dateModified\":\"2026-04-29T15:34:47+00:00\",\"breadcrumb\":{\"@id\":\"https:\/\/www.millerthomson.com\/fr\/votre-equipe\/claudia-desjardins-belisle\/#breadcrumb\"},\"inLanguage\":\"fr-FR\",\"potentialAction\":[{\"@type\":\"ReadAction\",\"target\":[\"https:\/\/www.millerthomson.com\/fr\/votre-equipe\/claudia-desjardins-belisle\/\"]}]},{\"@type\":\"ImageObject\",\"inLanguage\":\"fr-FR\",\"@id\":\"https:\/\/www.millerthomson.com\/fr\/votre-equipe\/claudia-desjardins-belisle\/#primaryimage\",\"url\":\"https:\/\/www.millerthomson.com\/wp-content\/uploads\/2016\/09\/claudia-desjardins-belisle.jpg\",\"contentUrl\":\"https:\/\/www.millerthomson.com\/wp-content\/uploads\/2016\/09\/claudia-desjardins-belisle.jpg\",\"width\":1200,\"height\":1440,\"caption\":\"Photo of Claudia Desjardins Belisle\"},{\"@type\":\"BreadcrumbList\",\"@id\":\"https:\/\/www.millerthomson.com\/fr\/votre-equipe\/claudia-desjardins-belisle\/#breadcrumb\",\"itemListElement\":[{\"@type\":\"ListItem\",\"position\":1,\"name\":\"Accueil\",\"item\":\"https:\/\/www.millerthomson.com\/fr\/\"},{\"@type\":\"ListItem\",\"position\":2,\"name\":\"\u00c9quipe\",\"item\":\"https:\/\/www.millerthomson.com\/fr\/votre-equipe\/\"},{\"@type\":\"ListItem\",\"position\":3,\"name\":\"Claudia Desjardins B\u00e9lisle\"}]},{\"@type\":\"WebSite\",\"@id\":\"https:\/\/www.millerthomson.com\/fr\/#website\",\"url\":\"https:\/\/www.millerthomson.com\/fr\/\",\"name\":\"Miller Thomson | Cabinet de droit des affaires pancanadien\",\"description\":\"National law firm providing business law expertise and litigation and disputes services for businesses across Canada since 1957.\",\"publisher\":{\"@id\":\"https:\/\/www.millerthomson.com\/fr\/#organization\"},\"potentialAction\":[{\"@type\":\"SearchAction\",\"target\":{\"@type\":\"EntryPoint\",\"urlTemplate\":\"https:\/\/www.millerthomson.com\/fr\/?s={search_term_string}\"},\"query-input\":{\"@type\":\"PropertyValueSpecification\",\"valueRequired\":true,\"valueName\":\"search_term_string\"}}],\"inLanguage\":\"fr-FR\"},{\"@type\":\"Organization\",\"@id\":\"https:\/\/www.millerthomson.com\/fr\/#organization\",\"name\":\"Miller Thomson | Cabinet de droit des affaires pancanadien\",\"url\":\"https:\/\/www.millerthomson.com\/fr\/\",\"logo\":{\"@type\":\"ImageObject\",\"inLanguage\":\"fr-FR\",\"@id\":\"https:\/\/www.millerthomson.com\/fr\/#\/schema\/logo\/image\/\",\"url\":\"https:\/\/www.millerthomson.com\/wp-content\/uploads\/2024\/10\/miller-thomson.svg\",\"contentUrl\":\"https:\/\/www.millerthomson.com\/wp-content\/uploads\/2024\/10\/miller-thomson.svg\",\"width\":380,\"height\":50,\"caption\":\"Miller Thomson | Cabinet de droit des affaires pancanadien\"},\"image\":{\"@id\":\"https:\/\/www.millerthomson.com\/fr\/#\/schema\/logo\/image\/\"},\"sameAs\":[\"https:\/\/www.facebook.com\/MillerThomsonLaw\/\",\"https:\/\/x.com\/millerthomson\",\"https:\/\/www.linkedin.com\/company\/miller-thomson-llp\/\",\"https:\/\/www.youtube.com\/@millerthomson\"],\"mainEntityOfPage\":{\"@id\":\"https:\/\/www.millerthomson.com\/fr\/votre-equipe\/claudia-desjardins-belisle\/\"}}]}<\/script>\n<!-- \/ Yoast SEO plugin. -->","yoast_head_json":{"title":"Claudia Desjardins B\u00e9lisle | Miller Thomson","robots":{"index":"index","follow":"follow","max-snippet":"max-snippet:-1","max-image-preview":"max-image-preview:large","max-video-preview":"max-video-preview:-1"},"canonical":"https:\/\/www.millerthomson.com\/fr\/votre-equipe\/claudia-desjardins-belisle\/","og_locale":"fr_FR","og_type":"article","og_title":"Claudia Desjardins B\u00e9lisle | Miller Thomson","og_description":"Claudia Desjardins B\u00e9lisle est une avocate chevronn\u00e9e en droit du travail et droit de l&#8217;emploi en plus d&rsquo;\u00eatre responsable du groupe de pratique Droit du travail et Droit de l&#8217;emploi de Miller Thomson. En f\u00e9vrier 2025, elle est devenue associ\u00e9e directrice du bureau de Montr\u00e9al. Claudia se sp\u00e9cialise dans la d\u00e9fense des employeurs face \u00e0 [&hellip;]","og_url":"https:\/\/www.millerthomson.com\/fr\/votre-equipe\/claudia-desjardins-belisle\/","og_site_name":"Miller Thomson","article_publisher":"https:\/\/www.facebook.com\/MillerThomsonLaw\/","article_modified_time":"2026-04-29T15:34:47+00:00","og_image":[{"width":1200,"height":1440,"url":"https:\/\/www.millerthomson.com\/wp-content\/uploads\/2016\/09\/claudia-desjardins-belisle.jpg","type":"image\/jpeg"}],"twitter_card":"summary_large_image","twitter_site":"@millerthomson","twitter_misc":{"Est. reading time":"2 minutes"},"schema":{"@context":"https:\/\/schema.org","@graph":[{"@type":["WebPage","ProfilePage"],"@id":"https:\/\/www.millerthomson.com\/fr\/votre-equipe\/claudia-desjardins-belisle\/","url":"https:\/\/www.millerthomson.com\/fr\/votre-equipe\/claudia-desjardins-belisle\/","name":"Claudia Desjardins B\u00e9lisle | Miller Thomson","isPartOf":{"@id":"https:\/\/www.millerthomson.com\/fr\/#website"},"primaryImageOfPage":{"@id":"https:\/\/www.millerthomson.com\/fr\/votre-equipe\/claudia-desjardins-belisle\/#primaryimage"},"image":{"@id":"https:\/\/www.millerthomson.com\/fr\/votre-equipe\/claudia-desjardins-belisle\/#primaryimage"},"thumbnailUrl":"https:\/\/www.millerthomson.com\/wp-content\/uploads\/2016\/09\/claudia-desjardins-belisle.jpg","datePublished":"2016-09-10T00:23:09+00:00","dateModified":"2026-04-29T15:34:47+00:00","breadcrumb":{"@id":"https:\/\/www.millerthomson.com\/fr\/votre-equipe\/claudia-desjardins-belisle\/#breadcrumb"},"inLanguage":"fr-FR","potentialAction":[{"@type":"ReadAction","target":["https:\/\/www.millerthomson.com\/fr\/votre-equipe\/claudia-desjardins-belisle\/"]}]},{"@type":"ImageObject","inLanguage":"fr-FR","@id":"https:\/\/www.millerthomson.com\/fr\/votre-equipe\/claudia-desjardins-belisle\/#primaryimage","url":"https:\/\/www.millerthomson.com\/wp-content\/uploads\/2016\/09\/claudia-desjardins-belisle.jpg","contentUrl":"https:\/\/www.millerthomson.com\/wp-content\/uploads\/2016\/09\/claudia-desjardins-belisle.jpg","width":1200,"height":1440,"caption":"Photo of Claudia Desjardins Belisle"},{"@type":"BreadcrumbList","@id":"https:\/\/www.millerthomson.com\/fr\/votre-equipe\/claudia-desjardins-belisle\/#breadcrumb","itemListElement":[{"@type":"ListItem","position":1,"name":"Accueil","item":"https:\/\/www.millerthomson.com\/fr\/"},{"@type":"ListItem","position":2,"name":"\u00c9quipe","item":"https:\/\/www.millerthomson.com\/fr\/votre-equipe\/"},{"@type":"ListItem","position":3,"name":"Claudia Desjardins B\u00e9lisle"}]},{"@type":"WebSite","@id":"https:\/\/www.millerthomson.com\/fr\/#website","url":"https:\/\/www.millerthomson.com\/fr\/","name":"Miller Thomson | Cabinet de droit des affaires pancanadien","description":"National law firm providing business law expertise and litigation and disputes services for businesses across Canada since 1957.","publisher":{"@id":"https:\/\/www.millerthomson.com\/fr\/#organization"},"potentialAction":[{"@type":"SearchAction","target":{"@type":"EntryPoint","urlTemplate":"https:\/\/www.millerthomson.com\/fr\/?s={search_term_string}"},"query-input":{"@type":"PropertyValueSpecification","valueRequired":true,"valueName":"search_term_string"}}],"inLanguage":"fr-FR"},{"@type":"Organization","@id":"https:\/\/www.millerthomson.com\/fr\/#organization","name":"Miller Thomson | Cabinet de droit des affaires pancanadien","url":"https:\/\/www.millerthomson.com\/fr\/","logo":{"@type":"ImageObject","inLanguage":"fr-FR","@id":"https:\/\/www.millerthomson.com\/fr\/#\/schema\/logo\/image\/","url":"https:\/\/www.millerthomson.com\/wp-content\/uploads\/2024\/10\/miller-thomson.svg","contentUrl":"https:\/\/www.millerthomson.com\/wp-content\/uploads\/2024\/10\/miller-thomson.svg","width":380,"height":50,"caption":"Miller Thomson | Cabinet de droit des affaires pancanadien"},"image":{"@id":"https:\/\/www.millerthomson.com\/fr\/#\/schema\/logo\/image\/"},"sameAs":["https:\/\/www.facebook.com\/MillerThomsonLaw\/","https:\/\/x.com\/millerthomson","https:\/\/www.linkedin.com\/company\/miller-thomson-llp\/","https:\/\/www.youtube.com\/@millerthomson"],"mainEntityOfPage":{"@id":"https:\/\/www.millerthomson.com\/fr\/votre-equipe\/claudia-desjardins-belisle\/"}}]}},"_links":{"self":[{"href":"https:\/\/www.millerthomson.com\/fr\/wp-json\/wp\/v2\/team\/2487","targetHints":{"allow":["GET"]}}],"collection":[{"href":"https:\/\/www.millerthomson.com\/fr\/wp-json\/wp\/v2\/team"}],"about":[{"href":"https:\/\/www.millerthomson.com\/fr\/wp-json\/wp\/v2\/types\/team"}],"author":[{"embeddable":true,"href":"https:\/\/www.millerthomson.com\/fr\/wp-json\/wp\/v2\/users\/1"}],"version-history":[{"count":1,"href":"https:\/\/www.millerthomson.com\/fr\/wp-json\/wp\/v2\/team\/2487\/revisions"}],"predecessor-version":[{"id":47215,"href":"https:\/\/www.millerthomson.com\/fr\/wp-json\/wp\/v2\/team\/2487\/revisions\/47215"}],"wp:featuredmedia":[{"embeddable":true,"href":"https:\/\/www.millerthomson.com\/fr\/wp-json\/wp\/v2\/media\/18746"}],"wp:attachment":[{"href":"https:\/\/www.millerthomson.com\/fr\/wp-json\/wp\/v2\/media?parent=2487"}],"wp:term":[{"taxonomy":"role","embeddable":true,"href":"https:\/\/www.millerthomson.com\/fr\/wp-json\/wp\/v2\/role?post=2487"},{"taxonomy":"positions","embeddable":true,"href":"https:\/\/www.millerthomson.com\/fr\/wp-json\/wp\/v2\/positions?post=2487"},{"taxonomy":"spoken-lang","embeddable":true,"href":"https:\/\/www.millerthomson.com\/fr\/wp-json\/wp\/v2\/spoken-lang?post=2487"},{"taxonomy":"badges","embeddable":true,"href":"https:\/\/www.millerthomson.com\/fr\/wp-json\/wp\/v2\/badges?post=2487"}],"curies":[{"name":"wp","href":"https:\/\/api.w.org\/{rel}","templated":true}]}}