{"id":14711,"date":"2024-10-30T13:29:40","date_gmt":"2024-10-30T17:29:40","guid":{"rendered":"https:\/\/www.millerthomson.com\/carrieres\/avocats\/professional-development-programme\/"},"modified":"2024-11-07T12:15:21","modified_gmt":"2024-11-07T17:15:21","slug":"professional-development-programme","status":"publish","type":"page","link":"https:\/\/www.millerthomson.com\/fr\/carrieres\/avocats\/professional-development-programme\/","title":{"rendered":"Programme de perfectionnement professionnel"},"content":{"rendered":"\n<div class=\"wp-block-columns is-layout-flex wp-container-core-columns-is-layout-28f84493 wp-block-columns-is-layout-flex\">\n<div class=\"wp-block-column is-layout-flow wp-block-column-is-layout-flow\">\n<p class=\"has-medium-font-size\">Parfaire ses \u00e9tudes en droit gr\u00e2ce \u00e0 un programme de mentorat, de formations et de perfectionnement professionnel<\/p>\n\n\n\n<div class='custom-separator '>\n            <div style='width: 30%; background-color: var(--wp--preset--color--accent);'><\/div>\n    <\/div><\/div>\n\n\n\n<div class=\"wp-block-column is-layout-flow wp-block-column-is-layout-flow\">\n<p>Les \u00e9tudes en droit ne vous fournissent malheureusement pas de formation concr\u00e8te sur le terrain. C\u2019est pourquoi un programme de perfectionnement professionnel bien structur\u00e9 et complet est si important dans le cheminement de carri\u00e8re d\u2019un avocat. Notre programme a \u00e9t\u00e9 con\u00e7u dans le but de fournir un travail int\u00e9ressant et stimulant, un programme de mentorat, une solide formation et un m\u00e9canisme de r\u00e9troaction officiel et officieux.<\/p>\n<\/div>\n<\/div>\n\n\n\n<div style=\"height:var(--wp--preset--spacing--large)\" aria-hidden=\"true\" class=\"wp-block-spacer\"><\/div>\n\n\n\n<div class=\"wp-block-group alignfull has-base-2-background-color has-background is-layout-constrained wp-block-group-is-layout-constrained\">\n<div class=\"wp-block-columns is-layout-flex wp-container-core-columns-is-layout-28f84493 wp-block-columns-is-layout-flex\">\n<div class=\"wp-block-column is-layout-flow wp-block-column-is-layout-flow\">\n<h3 class=\"wp-block-heading\">Tableaux et listes des comp\u00e9tences<\/h3>\n\n\n\n<p>Nous avons mis au point un tableau des comp\u00e9tences afin de mieux cibler les \u00e9l\u00e9ments indispensables \u00e0 une r\u00e9ussite \u00e0 long terme au sein de notre cabinet. Ce tableau d\u00e9finit, d\u2019une part, les connaissances et les aptitudes des avocats et, d\u2019autre part, les valeurs du cabinet, ainsi que les comportements et les habilet\u00e9s dont les avocats doivent faire preuve pour r\u00e9ussir. Nous avons \u00e9galement dress\u00e9 des listes de comp\u00e9tences par secteur de pratique afin de veiller \u00e0 ce que les avocats de chacun des secteurs re\u00e7oivent la bonne formation et progressent dans leur apprentissage.<\/p>\n<\/div>\n\n\n\n<div class=\"wp-block-column is-layout-flow wp-block-column-is-layout-flow\">\n<h3 class=\"wp-block-heading\">Plan de cheminement de carri\u00e8re<\/h3>\n\n\n\n<p>Nos avocats doivent pr\u00e9parer un plan de cheminement de carri\u00e8re et pr\u00e9senter les objectifs \u00e0 court et \u00e0 long terme qu\u2019ils se sont fix\u00e9s pour l\u2019ann\u00e9e. Le pr\u00e9sident du groupe d\u2019expertise et un mentor les aident \u00e0 dresser la liste de leurs objectifs et \u00e0 faire le point sur les ressources dont ils ont besoin pour les atteindre.<\/p>\n<\/div>\n\n\n\n<div class=\"wp-block-column is-layout-flow wp-block-column-is-layout-flow\">\n<h3 class=\"wp-block-heading\">Mentorat<\/h3>\n\n\n\n<p>Le mentorat est au c\u0153ur de notre programme de perfectionnement professionnel. Nous croyons qu\u2019un programme de mentorat doit \u00eatre diversifi\u00e9; c\u2019est pourquoi nous disposons d\u2019une \u00e9quipe pr\u00eate \u00e0 accompagner les avocats juniors dans leur parcours professionnel. Les mentors jouent un r\u00f4le d\u00e9terminant car ils aident les avocats \u00e0 orienter leur cheminement de carri\u00e8re.<\/p>\n<\/div>\n<\/div>\n\n\n\n<div class=\"wp-block-columns is-layout-flex wp-container-core-columns-is-layout-28f84493 wp-block-columns-is-layout-flex\">\n<div class=\"wp-block-column is-layout-flow wp-block-column-is-layout-flow\">\n<h3 class=\"wp-block-heading\">Formation<\/h3>\n\n\n\n<p>L\u2019apprentissage des avocats ne peut se faire sans une participation active de leur part. Dans cette optique, les avocats seniors invitent r\u00e9guli\u00e8rement les avocats juniors \u00e0 prendre part aux r\u00e9unions, n\u00e9gociations, conf\u00e9rences t\u00e9l\u00e9phoniques, activit\u00e9s de d\u00e9veloppement des affaires, \u00e9v\u00e9nements organis\u00e9s pour les clients, ainsi qu\u2019au processus de facturation. Nous avons \u00e9galement r\u00e9pertori\u00e9 sous forme de tableau l\u2019ensemble des ateliers de perfectionnement pour veiller \u00e0 ce que tous les avocats re\u00e7oivent la formation dont ils ont besoin, selon le nombre d\u2019ann\u00e9es de pratique.<\/p>\n<\/div>\n\n\n\n<div class=\"wp-block-column is-layout-flow wp-block-column-is-layout-flow\">\n<h3 class=\"wp-block-heading\">Processus d\u2019\u00e9valuation du rendement<\/h3>\n\n\n\n<p>Nous proc\u00e9dons \u00e0 l\u2019\u00e9valuation des avocats deux fois par an. La premi\u00e8re \u00e9valuation (mi-ann\u00e9e) est ax\u00e9e sur le perfectionnement professionnel et la seconde, sur le rendement. Pour que l\u2019\u00e9valuation soit formative, nous encourageons les avocats \u00e0 solliciter, de fa\u00e7on ponctuelle, des commentaires constructifs tout au long de l\u2019ann\u00e9e.<\/p>\n<\/div>\n\n\n\n<div class=\"wp-block-column is-layout-flow wp-block-column-is-layout-flow\"><\/div>\n<\/div>\n<\/div>\n","protected":false},"excerpt":{"rendered":"<p>Parfaire ses \u00e9tudes en droit gr\u00e2ce \u00e0 un programme de mentorat, de formations et de perfectionnement professionnel Les \u00e9tudes en droit ne vous fournissent malheureusement pas de formation concr\u00e8te sur le terrain. C\u2019est pourquoi un programme de perfectionnement professionnel bien structur\u00e9 et complet est si important dans le cheminement de carri\u00e8re d\u2019un avocat. Notre programme [&hellip;]<\/p>\n","protected":false},"author":101,"featured_media":0,"parent":13838,"menu_order":0,"comment_status":"closed","ping_status":"closed","template":"templates\/inner-page.php","meta":{"_acf_changed":false,"footnotes":""},"class_list":["post-14711","page","type-page","status-publish","hentry"],"acf":[],"yoast_head":"<!-- This site is optimized with the Yoast SEO plugin v26.1.1 - https:\/\/yoast.com\/wordpress\/plugins\/seo\/ -->\n<title>Programme de perfectionnement professionnel | Miller Thomson<\/title>\n<meta name=\"robots\" content=\"index, follow, max-snippet:-1, max-image-preview:large, max-video-preview:-1\" \/>\n<link rel=\"canonical\" href=\"https:\/\/www.millerthomson.com\/fr\/carrieres\/avocats\/professional-development-programme\/\" \/>\n<meta property=\"og:locale\" content=\"fr_FR\" \/>\n<meta property=\"og:type\" content=\"article\" \/>\n<meta property=\"og:title\" content=\"Programme de perfectionnement professionnel | Miller Thomson\" \/>\n<meta property=\"og:description\" content=\"Parfaire ses \u00e9tudes en droit gr\u00e2ce \u00e0 un programme de mentorat, de formations et de perfectionnement professionnel Les \u00e9tudes en droit ne vous fournissent malheureusement pas de formation concr\u00e8te sur le terrain. C\u2019est pourquoi un programme de perfectionnement professionnel bien structur\u00e9 et complet est si important dans le cheminement de carri\u00e8re d\u2019un avocat. Notre programme [&hellip;]\" \/>\n<meta property=\"og:url\" content=\"https:\/\/www.millerthomson.com\/fr\/carrieres\/avocats\/professional-development-programme\/\" \/>\n<meta property=\"og:site_name\" content=\"Miller Thomson\" \/>\n<meta property=\"article:publisher\" content=\"https:\/\/www.facebook.com\/MillerThomsonLaw\/\" \/>\n<meta property=\"article:modified_time\" content=\"2024-11-07T17:15:21+00:00\" \/>\n<meta name=\"twitter:card\" content=\"summary_large_image\" \/>\n<meta name=\"twitter:site\" content=\"@millerthomson\" \/>\n<meta name=\"twitter:label1\" content=\"Est. reading time\" \/>\n\t<meta name=\"twitter:data1\" content=\"2 minutes\" \/>\n<script type=\"application\/ld+json\" class=\"yoast-schema-graph\">{\"@context\":\"https:\/\/schema.org\",\"@graph\":[{\"@type\":\"WebPage\",\"@id\":\"https:\/\/www.millerthomson.com\/fr\/carrieres\/avocats\/professional-development-programme\/\",\"url\":\"https:\/\/www.millerthomson.com\/fr\/carrieres\/avocats\/professional-development-programme\/\",\"name\":\"Programme de perfectionnement professionnel | Miller Thomson\",\"isPartOf\":{\"@id\":\"https:\/\/www.millerthomson.com\/fr\/#website\"},\"datePublished\":\"2024-10-30T17:29:40+00:00\",\"dateModified\":\"2024-11-07T17:15:21+00:00\",\"breadcrumb\":{\"@id\":\"https:\/\/www.millerthomson.com\/fr\/carrieres\/avocats\/professional-development-programme\/#breadcrumb\"},\"inLanguage\":\"fr-FR\",\"potentialAction\":[{\"@type\":\"ReadAction\",\"target\":[\"https:\/\/www.millerthomson.com\/fr\/carrieres\/avocats\/professional-development-programme\/\"]}]},{\"@type\":\"BreadcrumbList\",\"@id\":\"https:\/\/www.millerthomson.com\/fr\/carrieres\/avocats\/professional-development-programme\/#breadcrumb\",\"itemListElement\":[{\"@type\":\"ListItem\",\"position\":1,\"name\":\"Accueil\",\"item\":\"https:\/\/www.millerthomson.com\/fr\/\"},{\"@type\":\"ListItem\",\"position\":2,\"name\":\"Carri\u00e8res\",\"item\":\"https:\/\/www.millerthomson.com\/fr\/carrieres\/\"},{\"@type\":\"ListItem\",\"position\":3,\"name\":\"Avocats\",\"item\":\"https:\/\/www.millerthomson.com\/fr\/carrieres\/avocats\/\"},{\"@type\":\"ListItem\",\"position\":4,\"name\":\"Programme de perfectionnement professionnel\"}]},{\"@type\":\"WebSite\",\"@id\":\"https:\/\/www.millerthomson.com\/fr\/#website\",\"url\":\"https:\/\/www.millerthomson.com\/fr\/\",\"name\":\"Miller Thomson | Cabinet de droit des affaires pancanadien\",\"description\":\"National law firm providing business law expertise and litigation and disputes services for businesses across Canada since 1957.\",\"publisher\":{\"@id\":\"https:\/\/www.millerthomson.com\/fr\/#organization\"},\"potentialAction\":[{\"@type\":\"SearchAction\",\"target\":{\"@type\":\"EntryPoint\",\"urlTemplate\":\"https:\/\/www.millerthomson.com\/fr\/?s={search_term_string}\"},\"query-input\":{\"@type\":\"PropertyValueSpecification\",\"valueRequired\":true,\"valueName\":\"search_term_string\"}}],\"inLanguage\":\"fr-FR\"},{\"@type\":\"Organization\",\"@id\":\"https:\/\/www.millerthomson.com\/fr\/#organization\",\"name\":\"Miller Thomson | Cabinet de droit des affaires pancanadien\",\"url\":\"https:\/\/www.millerthomson.com\/fr\/\",\"logo\":{\"@type\":\"ImageObject\",\"inLanguage\":\"fr-FR\",\"@id\":\"https:\/\/www.millerthomson.com\/fr\/#\/schema\/logo\/image\/\",\"url\":\"https:\/\/www.millerthomson.com\/wp-content\/uploads\/2024\/10\/miller-thomson.svg\",\"contentUrl\":\"https:\/\/www.millerthomson.com\/wp-content\/uploads\/2024\/10\/miller-thomson.svg\",\"width\":380,\"height\":50,\"caption\":\"Miller Thomson | Cabinet de droit des affaires pancanadien\"},\"image\":{\"@id\":\"https:\/\/www.millerthomson.com\/fr\/#\/schema\/logo\/image\/\"},\"sameAs\":[\"https:\/\/www.facebook.com\/MillerThomsonLaw\/\",\"https:\/\/x.com\/millerthomson\",\"https:\/\/www.linkedin.com\/company\/miller-thomson-llp\/\",\"https:\/\/www.youtube.com\/@millerthomson\"]}]}<\/script>\n<!-- \/ Yoast SEO plugin. -->","yoast_head_json":{"title":"Programme de perfectionnement professionnel | Miller Thomson","robots":{"index":"index","follow":"follow","max-snippet":"max-snippet:-1","max-image-preview":"max-image-preview:large","max-video-preview":"max-video-preview:-1"},"canonical":"https:\/\/www.millerthomson.com\/fr\/carrieres\/avocats\/professional-development-programme\/","og_locale":"fr_FR","og_type":"article","og_title":"Programme de perfectionnement professionnel | Miller Thomson","og_description":"Parfaire ses \u00e9tudes en droit gr\u00e2ce \u00e0 un programme de mentorat, de formations et de perfectionnement professionnel Les \u00e9tudes en droit ne vous fournissent malheureusement pas de formation concr\u00e8te sur le terrain. C\u2019est pourquoi un programme de perfectionnement professionnel bien structur\u00e9 et complet est si important dans le cheminement de carri\u00e8re d\u2019un avocat. Notre programme [&hellip;]","og_url":"https:\/\/www.millerthomson.com\/fr\/carrieres\/avocats\/professional-development-programme\/","og_site_name":"Miller Thomson","article_publisher":"https:\/\/www.facebook.com\/MillerThomsonLaw\/","article_modified_time":"2024-11-07T17:15:21+00:00","twitter_card":"summary_large_image","twitter_site":"@millerthomson","twitter_misc":{"Est. reading time":"2 minutes"},"schema":{"@context":"https:\/\/schema.org","@graph":[{"@type":"WebPage","@id":"https:\/\/www.millerthomson.com\/fr\/carrieres\/avocats\/professional-development-programme\/","url":"https:\/\/www.millerthomson.com\/fr\/carrieres\/avocats\/professional-development-programme\/","name":"Programme de perfectionnement professionnel | Miller Thomson","isPartOf":{"@id":"https:\/\/www.millerthomson.com\/fr\/#website"},"datePublished":"2024-10-30T17:29:40+00:00","dateModified":"2024-11-07T17:15:21+00:00","breadcrumb":{"@id":"https:\/\/www.millerthomson.com\/fr\/carrieres\/avocats\/professional-development-programme\/#breadcrumb"},"inLanguage":"fr-FR","potentialAction":[{"@type":"ReadAction","target":["https:\/\/www.millerthomson.com\/fr\/carrieres\/avocats\/professional-development-programme\/"]}]},{"@type":"BreadcrumbList","@id":"https:\/\/www.millerthomson.com\/fr\/carrieres\/avocats\/professional-development-programme\/#breadcrumb","itemListElement":[{"@type":"ListItem","position":1,"name":"Accueil","item":"https:\/\/www.millerthomson.com\/fr\/"},{"@type":"ListItem","position":2,"name":"Carri\u00e8res","item":"https:\/\/www.millerthomson.com\/fr\/carrieres\/"},{"@type":"ListItem","position":3,"name":"Avocats","item":"https:\/\/www.millerthomson.com\/fr\/carrieres\/avocats\/"},{"@type":"ListItem","position":4,"name":"Programme de perfectionnement professionnel"}]},{"@type":"WebSite","@id":"https:\/\/www.millerthomson.com\/fr\/#website","url":"https:\/\/www.millerthomson.com\/fr\/","name":"Miller Thomson | Cabinet de droit des affaires pancanadien","description":"National law firm providing business law expertise and litigation and disputes services for businesses across Canada since 1957.","publisher":{"@id":"https:\/\/www.millerthomson.com\/fr\/#organization"},"potentialAction":[{"@type":"SearchAction","target":{"@type":"EntryPoint","urlTemplate":"https:\/\/www.millerthomson.com\/fr\/?s={search_term_string}"},"query-input":{"@type":"PropertyValueSpecification","valueRequired":true,"valueName":"search_term_string"}}],"inLanguage":"fr-FR"},{"@type":"Organization","@id":"https:\/\/www.millerthomson.com\/fr\/#organization","name":"Miller Thomson | Cabinet de droit des affaires pancanadien","url":"https:\/\/www.millerthomson.com\/fr\/","logo":{"@type":"ImageObject","inLanguage":"fr-FR","@id":"https:\/\/www.millerthomson.com\/fr\/#\/schema\/logo\/image\/","url":"https:\/\/www.millerthomson.com\/wp-content\/uploads\/2024\/10\/miller-thomson.svg","contentUrl":"https:\/\/www.millerthomson.com\/wp-content\/uploads\/2024\/10\/miller-thomson.svg","width":380,"height":50,"caption":"Miller Thomson | Cabinet de droit des affaires pancanadien"},"image":{"@id":"https:\/\/www.millerthomson.com\/fr\/#\/schema\/logo\/image\/"},"sameAs":["https:\/\/www.facebook.com\/MillerThomsonLaw\/","https:\/\/x.com\/millerthomson","https:\/\/www.linkedin.com\/company\/miller-thomson-llp\/","https:\/\/www.youtube.com\/@millerthomson"]}]}},"_links":{"self":[{"href":"https:\/\/www.millerthomson.com\/fr\/wp-json\/wp\/v2\/pages\/14711","targetHints":{"allow":["GET"]}}],"collection":[{"href":"https:\/\/www.millerthomson.com\/fr\/wp-json\/wp\/v2\/pages"}],"about":[{"href":"https:\/\/www.millerthomson.com\/fr\/wp-json\/wp\/v2\/types\/page"}],"author":[{"embeddable":true,"href":"https:\/\/www.millerthomson.com\/fr\/wp-json\/wp\/v2\/users\/101"}],"replies":[{"embeddable":true,"href":"https:\/\/www.millerthomson.com\/fr\/wp-json\/wp\/v2\/comments?post=14711"}],"version-history":[{"count":0,"href":"https:\/\/www.millerthomson.com\/fr\/wp-json\/wp\/v2\/pages\/14711\/revisions"}],"up":[{"embeddable":true,"href":"https:\/\/www.millerthomson.com\/fr\/wp-json\/wp\/v2\/pages\/13838"}],"wp:attachment":[{"href":"https:\/\/www.millerthomson.com\/fr\/wp-json\/wp\/v2\/media?parent=14711"}],"curies":[{"name":"wp","href":"https:\/\/api.w.org\/{rel}","templated":true}]}}