{"id":14683,"date":"2024-10-16T16:08:22","date_gmt":"2024-10-16T20:08:22","guid":{"rendered":"https:\/\/www.millerthomson.com\/carrieres\/etudiants-et-stagiaires\/montreal-student-programs\/"},"modified":"2026-04-02T10:49:02","modified_gmt":"2026-04-02T14:49:02","slug":"programmes-pour-les-etudiants-montreal","status":"publish","type":"page","link":"https:\/\/www.millerthomson.com\/fr\/carrieres\/etudiants-et-stagiaires\/programmes-pour-les-etudiants-montreal\/","title":{"rendered":"Programmes pour les \u00e9tudiants \u2013 Montr\u00e9al"},"content":{"rendered":"\n<p><a href=\"http:\/\/www.facebook.com\/sharer.php?u=https:\/\/www.millerthomson.com\/fr\/vous-joindre-a-lequipe\/carrieres\/stagiaires\/\" target=\"_blank\" rel=\"noreferrer noopener\"><\/a><\/p>\n\n\n\n<h2 class=\"wp-block-heading jump-link\">Emploi d\u2019\u00e9t\u00e9<\/h2>\n\n\n\n<div class=\"wp-block-columns is-layout-flex wp-container-core-columns-is-layout-28f84493 wp-block-columns-is-layout-flex\">\n<div class=\"wp-block-column is-layout-flow wp-block-column-is-layout-flow\" style=\"flex-basis:25%\">\n<h3 class=\"wp-block-heading\">Embauche<\/h3>\n\n\n\n<p>Nous proposons parfois aux futurs stagiaires de fin de cycle de travailler avec nous durant la p\u00e9riode estivale pr\u00e9c\u00e9dant leur stage. Cette offre n\u2019est toutefois pas conditionnelle \u00e0 leur embauche.<\/p>\n\n\n\n<div class='custom-separator '>\n            <div style='width: 30%; background-color: var(--wp--preset--color--accent);'><\/div>\n    <\/div><\/div>\n\n\n\n<div class=\"wp-block-column is-layout-flow wp-block-column-is-layout-flow\" style=\"flex-basis:75%\">\n<h3 class=\"wp-block-heading\">Exp\u00e9rience des stagiaires<\/h3>\n\n\n\n<p>Nous offrons aux \u00e9tudiants qui acceptent de travailler au cours de l\u2019\u00e9t\u00e9 d\u2019acqu\u00e9rir de l\u2019exp\u00e9rience dans divers domaines&nbsp;: pr\u00e9paration d\u2019actes, travaux de recherche, mise \u00e0 jour de bases de donn\u00e9es, gestion du savoir et traduction de jugements. L\u2019objectif est de faire en sorte de leur donner une exp\u00e9rience de travail, sans pour autant enlever des t\u00e2ches aux stagiaires \u00e9galement pr\u00e9sents.<\/p>\n\n\n\n<p>Les \u00e9tudiants profitent g\u00e9n\u00e9ralement de la p\u00e9riode estivale pour se familiariser avec l\u2019environnement de travail. Pleinement int\u00e9gr\u00e9s, ils b\u00e9n\u00e9ficient d\u2019une exp\u00e9rience pratique et concr\u00e8te.<\/p>\n\n\n\n<h3 class=\"wp-block-heading\">Syst\u00e8me de rotation<\/h3>\n\n\n\n<p>Il n\u2019y a aucun syst\u00e8me de rotation pendant les stages.<\/p>\n\n\n\n<h3 class=\"wp-block-heading\">Mentorat<\/h3>\n\n\n\n<p>Le ma\u00eetre de stage supervise les \u00e9tudiants qui travaillent durant la p\u00e9riode estivale.<br>Il traite directement avec eux ainsi qu\u2019avec les avocats avec lesquels ceux-ci sont susceptibles de travailler. Le ma\u00eetre de stage doit entre autres s\u2019assurer que les \u00e9tudiants comprennent bien le r\u00f4le d\u2019un avocat et les attentes du cabinet \u00e0 leur endroit.<\/p>\n\n\n\n<h3 class=\"wp-block-heading\">R\u00e9troaction<\/h3>\n\n\n\n<p>Une \u00e9valuation informelle est effectu\u00e9e \u00e0 la fin de l\u2019\u00e9t\u00e9. Durant la p\u00e9riode estivale, les \u00e9tudiants participent \u00e0 des ateliers de formation, notamment \u00e0 des conf\u00e9rences sur diff\u00e9rentes questions juridiques et proc\u00e9durales ainsi qu\u2019\u00e0 la pr\u00e9sentation des politiques internes.<\/p>\n<\/div>\n<\/div>\n\n\n\n<div style=\"height:var(--wp--preset--spacing--x-large)\" aria-hidden=\"true\" class=\"wp-block-spacer\"><\/div>\n\n\n\n<div class=\"wp-block-group alignfull has-base-2-background-color has-background is-layout-constrained wp-block-group-is-layout-constrained\">\n<h2 class=\"wp-block-heading jump-link\">Programme de stage<\/h2>\n\n\n\n<div class=\"wp-block-columns is-layout-flex wp-container-core-columns-is-layout-28f84493 wp-block-columns-is-layout-flex\">\n<div class=\"wp-block-column is-layout-flow wp-block-column-is-layout-flow\" style=\"flex-basis:50%\">\n<h3 class=\"wp-block-heading\">Embauche<a href=\"http:\/\/www.facebook.com\/sharer.php?u=https:\/\/www.millerthomson.com\/en\/work-here\/careers\/law-students\/our-students\/vancouver\/articling-student-program\/\" target=\"_blank\" rel=\"noreferrer noopener\"><\/a><a href=\"http:\/\/twitter.com\/intent\/tweet?text=Vancouver%20Articling%20Student%20Program&amp;url=https:\/\/www.millerthomson.com\/en\/work-here\/careers\/law-students\/our-students\/vancouver\/articling-student-program\/\" target=\"_blank\" rel=\"noreferrer noopener\"><\/a><a href=\"http:\/\/www.linkedin.com\/shareArticle?mini=true&amp;url=https:\/\/www.millerthomson.com\/en\/work-here\/careers\/law-students\/our-students\/vancouver\/articling-student-program\/\" target=\"_blank\" rel=\"noreferrer noopener\"><\/a><a href=\"mailto:?Subject=Vancouver%20Articling%20Student%20Program&amp;Body=The%20following%20page%20may%20be%20of%20interest:%20:%20https:\/\/www.millerthomson.com\/en\/work-here\/careers\/law-students\/our-students\/vancouver\/articling-student-program\/\"><\/a><a href=\"javascript:window.print();\"><\/a><\/h3>\n\n\n\n<p>Le bureau de Montr\u00e9al embauche normalement&nbsp;entre six et huit&nbsp;stagiaires de fin de cycle, r\u00e9partis en deux groupes. Le stage de six mois suit la formation \u00e0 l\u2019\u00c9cole du Barreau (y compris l\u2019assermentation), qui peut s\u2019\u00e9taler sur une p\u00e9riode de 4 ou de 8 mois, d\u2019o\u00f9 l\u2019importance de bien organiser son agenda.<\/p>\n\n\n\n<p>R\u00e8gle g\u00e9n\u00e9rale, un premier groupe de stagiaires effectue son stage du mois de janvier au mois de juin. Le deuxi\u00e8me groupe prend le relais du mois de juin au mois de d\u00e9cembre&nbsp;de l\u2019ann\u00e9e suivante. Le bureau de Montr\u00e9al essaie d\u2019avoir un minimum de trois stagiaires de fin de cycle en tout temps.<\/p>\n<\/div>\n\n\n\n<div class=\"wp-block-column is-layout-flow wp-block-column-is-layout-flow\">\n<h3 class=\"wp-block-heading\">Syst\u00e8me de rotation<\/h3>\n\n\n\n<p>Il n\u2019y a aucun syst\u00e8me de rotation pendant les stages. Nous privil\u00e9gions une approche de travail pratique sur le terrain. Les avocats sont consid\u00e9r\u00e9s comme des clients aupr\u00e8s desquels les stagiaires doivent solliciter du travail et avec lesquels ils doivent b\u00e2tir une relation et tisser des liens.<br><\/p>\n<\/div>\n<\/div>\n<\/div>\n\n\n\n<div class=\"wp-block-group alignfull has-base-background-color has-background is-layout-constrained wp-block-group-is-layout-constrained\">\n<h2 class=\"wp-block-heading jump-link\">Nos stagiaires<\/h2>\n\n\n\n<h3 class=\"wp-block-heading\">Stagiaires et \u00e9tudiants d&rsquo;\u00e9t\u00e9 2025<\/h3>\n\n\n\n    <section class=\"team-list \">\n        <div class=\"section-background\" ><\/div>\n            <ul class=\"team-members-list grid grid-4\">\n                                    <li>\n                        \n\n<article class=\"team-compact-card\">\n    <a href=\"https:\/\/www.millerthomson.com\/fr\/carrieres\/etudiants-et-stagiaires\/rencontrez-nos-etudiants\/john-michael-anfossi\/\" aria-label=\"John Michael Anfossi\" class=\"no-underline\">\n        <figure class=\"team-card__thumbnail\">\n        <img decoding=\"async\" width=\"300\" height=\"360\" src=\"https:\/\/www.millerthomson.com\/wp-content\/uploads\/2025\/05\/john-michael-anfossi-300x360.jpg\" class=\"team_card-thumbnail wp-post-image\" alt=\"John Michael Anfossi\" srcset=\"https:\/\/www.millerthomson.com\/wp-content\/uploads\/2025\/05\/john-michael-anfossi-300x360.jpg 300w, https:\/\/www.millerthomson.com\/wp-content\/uploads\/2025\/05\/john-michael-anfossi-600x720.jpg 600w, https:\/\/www.millerthomson.com\/wp-content\/uploads\/2025\/05\/john-michael-anfossi-800x960.jpg 800w, https:\/\/www.millerthomson.com\/wp-content\/uploads\/2025\/05\/john-michael-anfossi-400x480.jpg 400w, https:\/\/www.millerthomson.com\/wp-content\/uploads\/2025\/05\/john-michael-anfossi-900x1080.jpg 900w, https:\/\/www.millerthomson.com\/wp-content\/uploads\/2025\/05\/john-michael-anfossi.jpg 1200w\" sizes=\"(max-width: 300px) 100vw, 300px\" \/>        <\/figure>\n    <\/a>\n    <section class=\"team-card__body\">  \n        <div>\n            <h3 class=\"team-card__title\">\n                <a href='https:\/\/www.millerthomson.com\/fr\/carrieres\/etudiants-et-stagiaires\/rencontrez-nos-etudiants\/john-michael-anfossi\/'>John Michael Anfossi<\/a>            <\/h3>\n\n        <\/div>\n            \n        <div class=\"team-card__job\">\n            \u00c9tudiant        <\/div>\n\n        <div class=\"has-small-font-size\">\n            Montr\u00e9al        <\/div>\n\n    <\/section>\n<\/article>\n\n\n                    <\/li>\n                                    <li>\n                        \n\n<article class=\"team-compact-card\">\n    <a href=\"https:\/\/www.millerthomson.com\/fr\/carrieres\/etudiants-et-stagiaires\/rencontrez-nos-etudiants\/elisa-enza-argento\/\" aria-label=\"Elisa Enza Argento\" class=\"no-underline\">\n        <figure class=\"team-card__thumbnail\">\n        <img decoding=\"async\" width=\"300\" height=\"360\" src=\"https:\/\/www.millerthomson.com\/wp-content\/uploads\/2025\/05\/elisa-argento-300x360.jpg\" class=\"team_card-thumbnail wp-post-image\" alt=\"Elisa Enza Argento\" srcset=\"https:\/\/www.millerthomson.com\/wp-content\/uploads\/2025\/05\/elisa-argento-300x360.jpg 300w, https:\/\/www.millerthomson.com\/wp-content\/uploads\/2025\/05\/elisa-argento-600x720.jpg 600w, https:\/\/www.millerthomson.com\/wp-content\/uploads\/2025\/05\/elisa-argento-800x960.jpg 800w, https:\/\/www.millerthomson.com\/wp-content\/uploads\/2025\/05\/elisa-argento-400x480.jpg 400w, https:\/\/www.millerthomson.com\/wp-content\/uploads\/2025\/05\/elisa-argento-900x1080.jpg 900w, https:\/\/www.millerthomson.com\/wp-content\/uploads\/2025\/05\/elisa-argento.jpg 1200w\" sizes=\"(max-width: 300px) 100vw, 300px\" \/>        <\/figure>\n    <\/a>\n    <section class=\"team-card__body\">  \n        <div>\n            <h3 class=\"team-card__title\">\n                <a href='https:\/\/www.millerthomson.com\/fr\/carrieres\/etudiants-et-stagiaires\/rencontrez-nos-etudiants\/elisa-enza-argento\/'>Elisa Enza Argento<\/a>            <\/h3>\n\n        <\/div>\n            \n        <div class=\"team-card__job\">\n            \u00c9tudiant        <\/div>\n\n        <div class=\"has-small-font-size\">\n            Montr\u00e9al        <\/div>\n\n    <\/section>\n<\/article>\n\n\n                    <\/li>\n                                    <li>\n                        \n\n<article class=\"team-compact-card\">\n    <a href=\"https:\/\/www.millerthomson.com\/fr\/carrieres\/etudiants-et-stagiaires\/rencontrez-nos-etudiants\/jasmine-berbar\/\" aria-label=\"Jasmine Berbar\" class=\"no-underline\">\n        <figure class=\"team-card__thumbnail\">\n        <img decoding=\"async\" width=\"300\" height=\"360\" src=\"https:\/\/www.millerthomson.com\/wp-content\/uploads\/2025\/05\/jasmine-berbar-300x360.jpg\" class=\"team_card-thumbnail wp-post-image\" alt=\"Jasmine Berbar\" srcset=\"https:\/\/www.millerthomson.com\/wp-content\/uploads\/2025\/05\/jasmine-berbar-300x360.jpg 300w, https:\/\/www.millerthomson.com\/wp-content\/uploads\/2025\/05\/jasmine-berbar-600x720.jpg 600w, https:\/\/www.millerthomson.com\/wp-content\/uploads\/2025\/05\/jasmine-berbar-800x960.jpg 800w, https:\/\/www.millerthomson.com\/wp-content\/uploads\/2025\/05\/jasmine-berbar-400x480.jpg 400w, https:\/\/www.millerthomson.com\/wp-content\/uploads\/2025\/05\/jasmine-berbar-900x1080.jpg 900w, https:\/\/www.millerthomson.com\/wp-content\/uploads\/2025\/05\/jasmine-berbar.jpg 1200w\" sizes=\"(max-width: 300px) 100vw, 300px\" \/>        <\/figure>\n    <\/a>\n    <section class=\"team-card__body\">  \n        <div>\n            <h3 class=\"team-card__title\">\n                <a href='https:\/\/www.millerthomson.com\/fr\/carrieres\/etudiants-et-stagiaires\/rencontrez-nos-etudiants\/jasmine-berbar\/'>Jasmine Berbar<\/a>            <\/h3>\n\n        <\/div>\n            \n        <div class=\"team-card__job\">\n            \u00c9tudiant        <\/div>\n\n        <div class=\"has-small-font-size\">\n            Montr\u00e9al        <\/div>\n\n    <\/section>\n<\/article>\n\n\n                    <\/li>\n                                    <li>\n                        \n\n<article class=\"team-compact-card\">\n    <a href=\"https:\/\/www.millerthomson.com\/fr\/carrieres\/etudiants-et-stagiaires\/rencontrez-nos-etudiants\/sara-gagne\/\" aria-label=\"Sara Gagn\u00e9\" class=\"no-underline\">\n        <figure class=\"team-card__thumbnail\">\n        <img decoding=\"async\" width=\"300\" height=\"360\" src=\"https:\/\/www.millerthomson.com\/wp-content\/uploads\/2025\/05\/sara-gagne-300x360.jpg\" class=\"team_card-thumbnail wp-post-image\" alt=\"Sara Gagn\u00e9\" srcset=\"https:\/\/www.millerthomson.com\/wp-content\/uploads\/2025\/05\/sara-gagne-300x360.jpg 300w, https:\/\/www.millerthomson.com\/wp-content\/uploads\/2025\/05\/sara-gagne-600x720.jpg 600w, https:\/\/www.millerthomson.com\/wp-content\/uploads\/2025\/05\/sara-gagne-800x960.jpg 800w, https:\/\/www.millerthomson.com\/wp-content\/uploads\/2025\/05\/sara-gagne-400x480.jpg 400w, https:\/\/www.millerthomson.com\/wp-content\/uploads\/2025\/05\/sara-gagne-900x1080.jpg 900w, https:\/\/www.millerthomson.com\/wp-content\/uploads\/2025\/05\/sara-gagne.jpg 1200w\" sizes=\"(max-width: 300px) 100vw, 300px\" \/>        <\/figure>\n    <\/a>\n    <section class=\"team-card__body\">  \n        <div>\n            <h3 class=\"team-card__title\">\n                <a href='https:\/\/www.millerthomson.com\/fr\/carrieres\/etudiants-et-stagiaires\/rencontrez-nos-etudiants\/sara-gagne\/'>Sara Gagn\u00e9<\/a>            <\/h3>\n\n        <\/div>\n            \n        <div class=\"team-card__job\">\n            \u00c9tudiant        <\/div>\n\n        <div class=\"has-small-font-size\">\n            Montr\u00e9al        <\/div>\n\n    <\/section>\n<\/article>\n\n\n                    <\/li>\n                                    <li>\n                        \n\n<article class=\"team-compact-card\">\n    <a href=\"https:\/\/www.millerthomson.com\/fr\/carrieres\/etudiants-et-stagiaires\/rencontrez-nos-etudiants\/mursal-gawhary\/\" aria-label=\"Mursal Gawhary\" class=\"no-underline\">\n        <figure class=\"team-card__thumbnail\">\n        <img decoding=\"async\" width=\"300\" height=\"360\" src=\"https:\/\/www.millerthomson.com\/wp-content\/uploads\/2025\/05\/mursal-gawhary-300x360.jpg\" class=\"team_card-thumbnail wp-post-image\" alt=\"Mursal Gawhary\" srcset=\"https:\/\/www.millerthomson.com\/wp-content\/uploads\/2025\/05\/mursal-gawhary-300x360.jpg 300w, https:\/\/www.millerthomson.com\/wp-content\/uploads\/2025\/05\/mursal-gawhary-600x720.jpg 600w, https:\/\/www.millerthomson.com\/wp-content\/uploads\/2025\/05\/mursal-gawhary-800x960.jpg 800w, https:\/\/www.millerthomson.com\/wp-content\/uploads\/2025\/05\/mursal-gawhary-400x480.jpg 400w, https:\/\/www.millerthomson.com\/wp-content\/uploads\/2025\/05\/mursal-gawhary-900x1080.jpg 900w, https:\/\/www.millerthomson.com\/wp-content\/uploads\/2025\/05\/mursal-gawhary.jpg 1200w\" sizes=\"(max-width: 300px) 100vw, 300px\" \/>        <\/figure>\n    <\/a>\n    <section class=\"team-card__body\">  \n        <div>\n            <h3 class=\"team-card__title\">\n                <a href='https:\/\/www.millerthomson.com\/fr\/carrieres\/etudiants-et-stagiaires\/rencontrez-nos-etudiants\/mursal-gawhary\/'>Mursal Gawhary<\/a>            <\/h3>\n\n        <\/div>\n            \n        <div class=\"team-card__job\">\n            \u00c9tudiant        <\/div>\n\n        <div class=\"has-small-font-size\">\n            Montr\u00e9al        <\/div>\n\n    <\/section>\n<\/article>\n\n\n                    <\/li>\n                                    <li>\n                        \n\n<article class=\"team-compact-card\">\n    <a href=\"https:\/\/www.millerthomson.com\/fr\/carrieres\/etudiants-et-stagiaires\/rencontrez-nos-etudiants\/riwa-khatab\/\" aria-label=\"Riwa Khatab\" class=\"no-underline\">\n        <figure class=\"team-card__thumbnail\">\n        <img decoding=\"async\" width=\"300\" height=\"360\" src=\"https:\/\/www.millerthomson.com\/wp-content\/uploads\/2025\/05\/riwa-khatab-300x360.jpg\" class=\"team_card-thumbnail wp-post-image\" alt=\"Riwa Khatab\" srcset=\"https:\/\/www.millerthomson.com\/wp-content\/uploads\/2025\/05\/riwa-khatab-300x360.jpg 300w, https:\/\/www.millerthomson.com\/wp-content\/uploads\/2025\/05\/riwa-khatab-600x720.jpg 600w, https:\/\/www.millerthomson.com\/wp-content\/uploads\/2025\/05\/riwa-khatab-800x960.jpg 800w, https:\/\/www.millerthomson.com\/wp-content\/uploads\/2025\/05\/riwa-khatab-400x480.jpg 400w, https:\/\/www.millerthomson.com\/wp-content\/uploads\/2025\/05\/riwa-khatab-900x1080.jpg 900w, https:\/\/www.millerthomson.com\/wp-content\/uploads\/2025\/05\/riwa-khatab.jpg 1200w\" sizes=\"(max-width: 300px) 100vw, 300px\" \/>        <\/figure>\n    <\/a>\n    <section class=\"team-card__body\">  \n        <div>\n            <h3 class=\"team-card__title\">\n                <a href='https:\/\/www.millerthomson.com\/fr\/carrieres\/etudiants-et-stagiaires\/rencontrez-nos-etudiants\/riwa-khatab\/'>Riwa Khatab<\/a>            <\/h3>\n\n        <\/div>\n            \n        <div class=\"team-card__job\">\n            \u00c9tudiant        <\/div>\n\n        <div class=\"has-small-font-size\">\n            Montr\u00e9al        <\/div>\n\n    <\/section>\n<\/article>\n\n\n                    <\/li>\n                                    <li>\n                        \n\n<article class=\"team-compact-card\">\n    <a href=\"https:\/\/www.millerthomson.com\/fr\/carrieres\/etudiants-et-stagiaires\/rencontrez-nos-etudiants\/hocine-mektoub\/\" aria-label=\"Hocine Mektoub\" class=\"no-underline\">\n        <figure class=\"team-card__thumbnail\">\n        <img decoding=\"async\" width=\"300\" height=\"360\" src=\"https:\/\/www.millerthomson.com\/wp-content\/uploads\/2025\/05\/hocine-mektoub-300x360.jpg\" class=\"team_card-thumbnail wp-post-image\" alt=\"Hocine Mektoub\" srcset=\"https:\/\/www.millerthomson.com\/wp-content\/uploads\/2025\/05\/hocine-mektoub-300x360.jpg 300w, https:\/\/www.millerthomson.com\/wp-content\/uploads\/2025\/05\/hocine-mektoub-600x720.jpg 600w, https:\/\/www.millerthomson.com\/wp-content\/uploads\/2025\/05\/hocine-mektoub-800x960.jpg 800w, https:\/\/www.millerthomson.com\/wp-content\/uploads\/2025\/05\/hocine-mektoub-400x480.jpg 400w, https:\/\/www.millerthomson.com\/wp-content\/uploads\/2025\/05\/hocine-mektoub-900x1080.jpg 900w, https:\/\/www.millerthomson.com\/wp-content\/uploads\/2025\/05\/hocine-mektoub.jpg 1200w\" sizes=\"(max-width: 300px) 100vw, 300px\" \/>        <\/figure>\n    <\/a>\n    <section class=\"team-card__body\">  \n        <div>\n            <h3 class=\"team-card__title\">\n                <a href='https:\/\/www.millerthomson.com\/fr\/carrieres\/etudiants-et-stagiaires\/rencontrez-nos-etudiants\/hocine-mektoub\/'>Hocine Mektoub<\/a>            <\/h3>\n\n        <\/div>\n            \n        <div class=\"team-card__job\">\n            \u00c9tudiant        <\/div>\n\n        <div class=\"has-small-font-size\">\n            Montr\u00e9al        <\/div>\n\n    <\/section>\n<\/article>\n\n\n                    <\/li>\n                                    <li>\n                        \n\n<article class=\"team-compact-card\">\n    <a href=\"https:\/\/www.millerthomson.com\/fr\/carrieres\/etudiants-et-stagiaires\/rencontrez-nos-etudiants\/catherine-ndiaye\/\" aria-label=\"Catherine Ndiaye\" class=\"no-underline\">\n        <figure class=\"team-card__thumbnail\">\n        <img decoding=\"async\" width=\"300\" height=\"360\" src=\"https:\/\/www.millerthomson.com\/wp-content\/uploads\/2025\/05\/catherine-ndiaye-300x360.jpg\" class=\"team_card-thumbnail wp-post-image\" alt=\"Catherine Ndiaye\" srcset=\"https:\/\/www.millerthomson.com\/wp-content\/uploads\/2025\/05\/catherine-ndiaye-300x360.jpg 300w, https:\/\/www.millerthomson.com\/wp-content\/uploads\/2025\/05\/catherine-ndiaye-600x720.jpg 600w, https:\/\/www.millerthomson.com\/wp-content\/uploads\/2025\/05\/catherine-ndiaye-800x960.jpg 800w, https:\/\/www.millerthomson.com\/wp-content\/uploads\/2025\/05\/catherine-ndiaye-400x480.jpg 400w, https:\/\/www.millerthomson.com\/wp-content\/uploads\/2025\/05\/catherine-ndiaye-900x1080.jpg 900w, https:\/\/www.millerthomson.com\/wp-content\/uploads\/2025\/05\/catherine-ndiaye.jpg 1200w\" sizes=\"(max-width: 300px) 100vw, 300px\" \/>        <\/figure>\n    <\/a>\n    <section class=\"team-card__body\">  \n        <div>\n            <h3 class=\"team-card__title\">\n                <a href='https:\/\/www.millerthomson.com\/fr\/carrieres\/etudiants-et-stagiaires\/rencontrez-nos-etudiants\/catherine-ndiaye\/'>Catherine Ndiaye<\/a>            <\/h3>\n\n        <\/div>\n            \n        <div class=\"team-card__job\">\n            \u00c9tudiant        <\/div>\n\n        <div class=\"has-small-font-size\">\n            Montr\u00e9al        <\/div>\n\n    <\/section>\n<\/article>\n\n\n                    <\/li>\n                                    <li>\n                        \n\n<article class=\"team-compact-card\">\n    <a href=\"https:\/\/www.millerthomson.com\/fr\/carrieres\/etudiants-et-stagiaires\/rencontrez-nos-etudiants\/googleen-sandhu\/\" aria-label=\"Googleen Sandhu\" class=\"no-underline\">\n        <figure class=\"team-card__thumbnail\">\n        <img decoding=\"async\" width=\"300\" height=\"360\" src=\"https:\/\/www.millerthomson.com\/wp-content\/uploads\/2025\/05\/gogleen-sandhu-300x360.jpg\" class=\"team_card-thumbnail wp-post-image\" alt=\"Googleen Sandhu\" srcset=\"https:\/\/www.millerthomson.com\/wp-content\/uploads\/2025\/05\/gogleen-sandhu-300x360.jpg 300w, https:\/\/www.millerthomson.com\/wp-content\/uploads\/2025\/05\/gogleen-sandhu-600x720.jpg 600w, https:\/\/www.millerthomson.com\/wp-content\/uploads\/2025\/05\/gogleen-sandhu-800x960.jpg 800w, https:\/\/www.millerthomson.com\/wp-content\/uploads\/2025\/05\/gogleen-sandhu-400x480.jpg 400w, https:\/\/www.millerthomson.com\/wp-content\/uploads\/2025\/05\/gogleen-sandhu-900x1080.jpg 900w, https:\/\/www.millerthomson.com\/wp-content\/uploads\/2025\/05\/gogleen-sandhu.jpg 1200w\" sizes=\"(max-width: 300px) 100vw, 300px\" \/>        <\/figure>\n    <\/a>\n    <section class=\"team-card__body\">  \n        <div>\n            <h3 class=\"team-card__title\">\n                <a href='https:\/\/www.millerthomson.com\/fr\/carrieres\/etudiants-et-stagiaires\/rencontrez-nos-etudiants\/googleen-sandhu\/'>Googleen Sandhu<\/a>            <\/h3>\n\n        <\/div>\n            \n        <div class=\"team-card__job\">\n            \u00c9tudiant        <\/div>\n\n        <div class=\"has-small-font-size\">\n            Montr\u00e9al        <\/div>\n\n    <\/section>\n<\/article>\n\n\n                    <\/li>\n                            <\/ul>       \n    <\/section>\n\n<\/div>\n\n\n\n<div class=\"wp-block-group alignfull has-base-2-background-color has-background is-layout-constrained wp-block-group-is-layout-constrained\">\n<h2 class=\"wp-block-heading jump-link\">Comment postuler<\/h2>\n\n\n\n<div class=\"wp-block-columns is-layout-flex wp-container-core-columns-is-layout-28f84493 wp-block-columns-is-layout-flex\">\n<div class=\"wp-block-column is-layout-flow wp-block-column-is-layout-flow\" style=\"flex-basis:50%\">\n<h3 class=\"wp-block-heading\">Programme de stage \u2013 1<sup>\u00e8re<\/sup>&nbsp;et 2<sup>e<\/sup>&nbsp;ann\u00e9es d\u2019\u00e9tudes<\/h3>\n\n\n\n<p>Le bureau de Montr\u00e9al offre \u00e0 ses futurs stagiaires la possibilit\u00e9 de travailler durant la p\u00e9riode estivale pr\u00e9c\u00e9dant leur stage. Ces \u00e9tudiants ont ainsi la chance de se familiariser avec le bureau et d\u2019acqu\u00e9rir une exp\u00e9rience de travail qui leur sera pr\u00e9cieuse au moment de leur stage. Les postes offerts durant la p\u00e9riode estivale sont donc r\u00e9serv\u00e9s aux stagiaires de fin de cycle.<\/p>\n\n\n\n<p>Aucune autre candidature n\u2019est retenue. Les demandes de stage sont \u00e9valu\u00e9es conform\u00e9ment au processus de s\u00e9lection des stagiaires de fin de cycle.<\/p>\n<\/div>\n\n\n\n<div class=\"wp-block-column is-layout-flow wp-block-column-is-layout-flow\" style=\"flex-basis:50%\">\n<h3 class=\"wp-block-heading\">Programme de stage \u2013 fin de cycle<\/h3>\n\n\n\n<p>Le bureau est tenu de respecter l\u2019entente conclue entre les grands cabinets juridiques montr\u00e9alais et les universit\u00e9s relativement au recrutement des stagiaires de fin de cycle. Cette entente fait parfois l\u2019objet de certaines adaptations. Chacune des demandes de stage re\u00e7ues est trait\u00e9e de fa\u00e7on \u00e9quitable. En principe, nous n\u2019embauchons pas de stagiaires en dehors de la p\u00e9riode de recrutement pr\u00e9vue dans l\u2019entente.<\/p>\n\n\n\n<p>La p\u00e9riode r\u00e9serv\u00e9e aux entrevues est conforme aux dispositions de l\u2019entente. Elle commence normalement le deuxi\u00e8me lundi du mois de mars pour les offres de stages qui se d\u00e9rouleront deux ans plus tard. Par exemple, les entrevues de mars 2021 concernaient les futurs stagiaires de 2023.<\/p>\n\n\n\n<p>Pour obtenir des renseignements compl\u00e9mentaires sur la course aux stages, conna\u00eetre les dates importantes ou prendre connaissance de l\u2019entente de recrutement, veuillez visiter les sites suivants :<\/p>\n\n\n\n<ul class=\"wp-block-list\">\n<li><a href=\"http:\/\/www.ecoledubarreau.qc.ca\/stages\/\" target=\"_blank\" rel=\"noreferrer noopener\"><em>\u00c9cole du Barreau<\/em><\/a><\/li>\n\n\n\n<li><em><a href=\"https:\/\/droit.umontreal.ca\/bourses-ressources-et-services\/centre-de-developpement-professionnel\/\" target=\"_blank\" rel=\"noreferrer noopener\">Facult\u00e9 de droit de l\u2019Universit\u00e9 de Montr\u00e9al<\/a><\/em><\/li>\n\n\n\n<li><a href=\"https:\/\/www.usherbrooke.ca\/droit\/developpement-professionnel\/centre-de-developpement-professionnel\/recherche-demploi\/course-stages\/\" target=\"_blank\" rel=\"noreferrer noopener\"><em>Universit\u00e9 de Sherbrooke<\/em><\/a><\/li>\n\n\n\n<li><a href=\"https:\/\/droitcivil.uottawa.ca\/fr\/developpement-professionnel\" target=\"_blank\" rel=\"noreferrer noopener\"><em>Universit\u00e9 d\u2019Ottawa<\/em><\/a><\/li>\n\n\n\n<li><a href=\"http:\/\/cdp-fspd.uqam.ca\/les-ressources\/course-aux-stages-en-droit\" target=\"_blank\" rel=\"noreferrer noopener\"><em>Universit\u00e9 du Qu\u00e9bec \u00e0 Montr\u00e9al (UQAM)<\/em><\/a><\/li>\n\n\n\n<li><a href=\"https:\/\/www.spla.ulaval.ca\/\" target=\"_blank\" rel=\"noreferrer noopener\"><em>Universit\u00e9 Laval<\/em><\/a><\/li>\n\n\n\n<li><a href=\"https:\/\/www.mcgill.ca\/cdo\/services\" target=\"_blank\" rel=\"noreferrer noopener\"><em>Universit\u00e9 McGill<\/em><\/a><\/li>\n<\/ul>\n\n\n\n<p>Le bureau de Montr\u00e9al \u00e9tudiera toutes les demandes de stages re\u00e7ues avant le d\u00e9but de la p\u00e9riode des entrevues. Il est possible de nous envoyer une demande par le portail viRecruit. Toutes les demandes seront attentivement examin\u00e9es.<\/p>\n\n\n\n<p>Veuillez joindre \u00e0 votre demande votre curriculum vitae, une lettre de pr\u00e9sentation et votre relev\u00e9 de notes. La pr\u00e9sentation d\u2019une lettre de recommandation est souhaitable, mais non essentielle. Pour toute information, veuillez communiquer avec la personne suivante :<\/p>\n\n\n\n<p>M<sup>e&nbsp;<\/sup>L\u00e9na Taylor<br>Miller Thomson S.E.N.C.R.L.<br>1000, rue De La Gaucheti\u00e8re Ouest<br>Bureau 3700<br>Montr\u00e9al (Qu\u00e9bec) H3B 4W5<br>Courriel :&nbsp;<a href=\"mailto:ltaylor@millerthomson.com\" target=\"_blank\" rel=\"noreferrer noopener\">ltaylor@millerthomson.com<\/a><br>T\u00e9l. : 514.871.5467<\/p>\n\n\n\n<div class='custom-separator '>\n            <div style='width: 30%; background-color: var(--wp--preset--color--accent);'><\/div>\n    <\/div>\n\n\n<h3 class=\"wp-block-heading\">Le processus de s\u00e9lection pour les stages au bureau de Montr\u00e9al est le suivant :<\/h3>\n\n\n\n<p>Toutes les candidatures sont examin\u00e9es et not\u00e9es en fonction de diff\u00e9rents crit\u00e8res.<\/p>\n\n\n\n<p>Le bureau de Montr\u00e9al ne proc\u00e8de pas \u00e0 une pr\u00e9s\u00e9lection bas\u00e9e uniquement sur les notes des facult\u00e9s de droit, ni sur une moyenne g\u00e9n\u00e9rale de r\u00e9f\u00e9rence donn\u00e9e, mais se concentre plut\u00f4t sur l\u2019ensemble du dossier de candidature du candidat. Environ 85 candidats sont s\u00e9lectionn\u00e9s pour un premier entretien.<\/p>\n\n\n\n<p>Les premiers entretiens, d\u2019une dur\u00e9e d\u2019environ 40 minutes chacun, ont g\u00e9n\u00e9ralement lieu entre 8h30 et 19h30, lundi et mardi, avec douze \u00e9quipes d\u2019entrevue compos\u00e9es de deux avocats.<\/p>\n\n\n\n<p>Sur le groupe des premiers candidats pass\u00e9s en entrevue, environ 35 sont r\u00e9f\u00e9r\u00e9s \u00e0 un deuxi\u00e8me entretien devant deux avocats chevronn\u00e9s. Les deuxi\u00e8mes entretiens ont g\u00e9n\u00e9ralement lieu au cours de la deuxi\u00e8me semaine de la p\u00e9riode de recrutement.<\/p>\n\n\n\n<p>\u00c0 partir des seconds entretiens, une vingtaine de candidats sont invit\u00e9s \u00e0 un \u00e9v\u00e9nement, o\u00f9 ils peuvent rencontrer d\u2019autres avocats du cabinet. Cet \u00e9v\u00e9nement a lieu plusieurs jours avant la date \u00e0 laquelle des offres formelles peuvent \u00eatre faites, conform\u00e9ment \u00e0 l\u2019accord.<\/p>\n\n\n\n<p>\u00c0 partir de cette liste restreinte, nous \u00e9tablissons une liste finale de candidats et les offres sont faites le jour pr\u00e9vu \u00e0 cette fin dans l\u2019Accord.<\/p>\n<\/div>\n<\/div>\n<\/div>\n\n\n\n<div class=\"wp-block-group alignfull has-base-background-color has-background is-layout-constrained wp-block-group-is-layout-constrained\">\n<h2 class=\"wp-block-heading jump-link\">Coordonn\u00e9es du comit\u00e9 de recrutement des \u00e9tudiants en droit<\/h2>\n\n\n\n<div class=\"wp-block-columns is-layout-flex wp-container-core-columns-is-layout-28f84493 wp-block-columns-is-layout-flex\">\n<div class=\"wp-block-column is-layout-flow wp-block-column-is-layout-flow\">\n<p>Pour obtenir de plus amples renseignements sur notre programme de stage, veuillez communiquer avec la personne suivante :<\/p>\n\n\n\n<h3 class=\"wp-block-heading has-medium-font-size\">M<sup>e&nbsp;<\/sup>L\u00e9na Taylor<\/h3>\n\n\n\n<p>Directrice, Recrutement juridique<br>Miller Thomson S.E.N.C.R.L.<br>1000, rue De La Gaucheti\u00e8re Ouest<br>Bureau 3700<br>Montr\u00e9al (Qu\u00e9bec)&nbsp; H3B 4W5<br>Courriel :&nbsp;<a href=\"mailto:ltaylor@millerthomson.com\">ltaylor@millerthomson.com<\/a><br>T\u00e9l\u00e9phone : 514.871.5467<br>Fax : 514.875.4308<\/p>\n<\/div>\n<\/div>\n<\/div>\n","protected":false},"excerpt":{"rendered":"<p>Emploi d\u2019\u00e9t\u00e9 Embauche Nous proposons parfois aux futurs stagiaires de fin de cycle de travailler avec nous durant la p\u00e9riode estivale pr\u00e9c\u00e9dant leur stage. Cette offre n\u2019est toutefois pas conditionnelle \u00e0 leur embauche. Exp\u00e9rience des stagiaires Nous offrons aux \u00e9tudiants qui acceptent de travailler au cours de l\u2019\u00e9t\u00e9 d\u2019acqu\u00e9rir de l\u2019exp\u00e9rience dans divers domaines&nbsp;: pr\u00e9paration [&hellip;]<\/p>\n","protected":false},"author":107,"featured_media":0,"parent":13910,"menu_order":0,"comment_status":"closed","ping_status":"closed","template":"templates\/inner-page.php","meta":{"_acf_changed":false,"footnotes":""},"class_list":["post-14683","page","type-page","status-publish","hentry"],"acf":[],"yoast_head":"<!-- This site is optimized with the Yoast SEO plugin v26.1.1 - https:\/\/yoast.com\/wordpress\/plugins\/seo\/ -->\n<title>Programmes pour les \u00e9tudiants \u2013 Montr\u00e9al | Miller Thomson<\/title>\n<meta name=\"robots\" content=\"index, follow, max-snippet:-1, max-image-preview:large, max-video-preview:-1\" \/>\n<link rel=\"canonical\" href=\"https:\/\/www.millerthomson.com\/fr\/carrieres\/etudiants-et-stagiaires\/programmes-pour-les-etudiants-montreal\/\" \/>\n<meta property=\"og:locale\" content=\"fr_FR\" \/>\n<meta property=\"og:type\" content=\"article\" \/>\n<meta property=\"og:title\" content=\"Programmes pour les \u00e9tudiants \u2013 Montr\u00e9al | Miller Thomson\" \/>\n<meta property=\"og:description\" content=\"Emploi d\u2019\u00e9t\u00e9 Embauche Nous proposons parfois aux futurs stagiaires de fin de cycle de travailler avec nous durant la p\u00e9riode estivale pr\u00e9c\u00e9dant leur stage. Cette offre n\u2019est toutefois pas conditionnelle \u00e0 leur embauche. Exp\u00e9rience des stagiaires Nous offrons aux \u00e9tudiants qui acceptent de travailler au cours de l\u2019\u00e9t\u00e9 d\u2019acqu\u00e9rir de l\u2019exp\u00e9rience dans divers domaines&nbsp;: pr\u00e9paration [&hellip;]\" \/>\n<meta property=\"og:url\" content=\"https:\/\/www.millerthomson.com\/fr\/carrieres\/etudiants-et-stagiaires\/programmes-pour-les-etudiants-montreal\/\" \/>\n<meta property=\"og:site_name\" content=\"Miller Thomson\" \/>\n<meta property=\"article:publisher\" content=\"https:\/\/www.facebook.com\/MillerThomsonLaw\/\" \/>\n<meta property=\"article:modified_time\" content=\"2026-04-02T14:49:02+00:00\" \/>\n<meta name=\"twitter:card\" content=\"summary_large_image\" \/>\n<meta name=\"twitter:site\" content=\"@millerthomson\" \/>\n<meta name=\"twitter:label1\" content=\"Est. reading time\" \/>\n\t<meta name=\"twitter:data1\" content=\"5 minutes\" \/>\n<script type=\"application\/ld+json\" class=\"yoast-schema-graph\">{\"@context\":\"https:\/\/schema.org\",\"@graph\":[{\"@type\":\"WebPage\",\"@id\":\"https:\/\/www.millerthomson.com\/fr\/carrieres\/etudiants-et-stagiaires\/programmes-pour-les-etudiants-montreal\/\",\"url\":\"https:\/\/www.millerthomson.com\/fr\/carrieres\/etudiants-et-stagiaires\/programmes-pour-les-etudiants-montreal\/\",\"name\":\"Programmes pour les \u00e9tudiants \u2013 Montr\u00e9al | Miller Thomson\",\"isPartOf\":{\"@id\":\"https:\/\/www.millerthomson.com\/fr\/#website\"},\"datePublished\":\"2024-10-16T20:08:22+00:00\",\"dateModified\":\"2026-04-02T14:49:02+00:00\",\"breadcrumb\":{\"@id\":\"https:\/\/www.millerthomson.com\/fr\/carrieres\/etudiants-et-stagiaires\/programmes-pour-les-etudiants-montreal\/#breadcrumb\"},\"inLanguage\":\"fr-FR\",\"potentialAction\":[{\"@type\":\"ReadAction\",\"target\":[\"https:\/\/www.millerthomson.com\/fr\/carrieres\/etudiants-et-stagiaires\/programmes-pour-les-etudiants-montreal\/\"]}]},{\"@type\":\"BreadcrumbList\",\"@id\":\"https:\/\/www.millerthomson.com\/fr\/carrieres\/etudiants-et-stagiaires\/programmes-pour-les-etudiants-montreal\/#breadcrumb\",\"itemListElement\":[{\"@type\":\"ListItem\",\"position\":1,\"name\":\"Accueil\",\"item\":\"https:\/\/www.millerthomson.com\/fr\/\"},{\"@type\":\"ListItem\",\"position\":2,\"name\":\"Carri\u00e8res\",\"item\":\"https:\/\/www.millerthomson.com\/fr\/carrieres\/\"},{\"@type\":\"ListItem\",\"position\":3,\"name\":\"\u00c9tudiantes, \u00e9tudiants et stagiaires\",\"item\":\"https:\/\/www.millerthomson.com\/fr\/carrieres\/etudiants-et-stagiaires\/\"},{\"@type\":\"ListItem\",\"position\":4,\"name\":\"Programmes pour les \u00e9tudiants \u2013 Montr\u00e9al\"}]},{\"@type\":\"WebSite\",\"@id\":\"https:\/\/www.millerthomson.com\/fr\/#website\",\"url\":\"https:\/\/www.millerthomson.com\/fr\/\",\"name\":\"Miller Thomson | Cabinet de droit des affaires pancanadien\",\"description\":\"National law firm providing business law expertise and litigation and disputes services for businesses across Canada since 1957.\",\"publisher\":{\"@id\":\"https:\/\/www.millerthomson.com\/fr\/#organization\"},\"potentialAction\":[{\"@type\":\"SearchAction\",\"target\":{\"@type\":\"EntryPoint\",\"urlTemplate\":\"https:\/\/www.millerthomson.com\/fr\/?s={search_term_string}\"},\"query-input\":{\"@type\":\"PropertyValueSpecification\",\"valueRequired\":true,\"valueName\":\"search_term_string\"}}],\"inLanguage\":\"fr-FR\"},{\"@type\":\"Organization\",\"@id\":\"https:\/\/www.millerthomson.com\/fr\/#organization\",\"name\":\"Miller Thomson | Cabinet de droit des affaires pancanadien\",\"url\":\"https:\/\/www.millerthomson.com\/fr\/\",\"logo\":{\"@type\":\"ImageObject\",\"inLanguage\":\"fr-FR\",\"@id\":\"https:\/\/www.millerthomson.com\/fr\/#\/schema\/logo\/image\/\",\"url\":\"https:\/\/www.millerthomson.com\/wp-content\/uploads\/2024\/10\/miller-thomson.svg\",\"contentUrl\":\"https:\/\/www.millerthomson.com\/wp-content\/uploads\/2024\/10\/miller-thomson.svg\",\"width\":380,\"height\":50,\"caption\":\"Miller Thomson | Cabinet de droit des affaires pancanadien\"},\"image\":{\"@id\":\"https:\/\/www.millerthomson.com\/fr\/#\/schema\/logo\/image\/\"},\"sameAs\":[\"https:\/\/www.facebook.com\/MillerThomsonLaw\/\",\"https:\/\/x.com\/millerthomson\",\"https:\/\/www.linkedin.com\/company\/miller-thomson-llp\/\",\"https:\/\/www.youtube.com\/@millerthomson\"]}]}<\/script>\n<!-- \/ Yoast SEO plugin. -->","yoast_head_json":{"title":"Programmes pour les \u00e9tudiants \u2013 Montr\u00e9al | Miller Thomson","robots":{"index":"index","follow":"follow","max-snippet":"max-snippet:-1","max-image-preview":"max-image-preview:large","max-video-preview":"max-video-preview:-1"},"canonical":"https:\/\/www.millerthomson.com\/fr\/carrieres\/etudiants-et-stagiaires\/programmes-pour-les-etudiants-montreal\/","og_locale":"fr_FR","og_type":"article","og_title":"Programmes pour les \u00e9tudiants \u2013 Montr\u00e9al | Miller Thomson","og_description":"Emploi d\u2019\u00e9t\u00e9 Embauche Nous proposons parfois aux futurs stagiaires de fin de cycle de travailler avec nous durant la p\u00e9riode estivale pr\u00e9c\u00e9dant leur stage. Cette offre n\u2019est toutefois pas conditionnelle \u00e0 leur embauche. Exp\u00e9rience des stagiaires Nous offrons aux \u00e9tudiants qui acceptent de travailler au cours de l\u2019\u00e9t\u00e9 d\u2019acqu\u00e9rir de l\u2019exp\u00e9rience dans divers domaines&nbsp;: pr\u00e9paration [&hellip;]","og_url":"https:\/\/www.millerthomson.com\/fr\/carrieres\/etudiants-et-stagiaires\/programmes-pour-les-etudiants-montreal\/","og_site_name":"Miller Thomson","article_publisher":"https:\/\/www.facebook.com\/MillerThomsonLaw\/","article_modified_time":"2026-04-02T14:49:02+00:00","twitter_card":"summary_large_image","twitter_site":"@millerthomson","twitter_misc":{"Est. reading time":"5 minutes"},"schema":{"@context":"https:\/\/schema.org","@graph":[{"@type":"WebPage","@id":"https:\/\/www.millerthomson.com\/fr\/carrieres\/etudiants-et-stagiaires\/programmes-pour-les-etudiants-montreal\/","url":"https:\/\/www.millerthomson.com\/fr\/carrieres\/etudiants-et-stagiaires\/programmes-pour-les-etudiants-montreal\/","name":"Programmes pour les \u00e9tudiants \u2013 Montr\u00e9al | Miller Thomson","isPartOf":{"@id":"https:\/\/www.millerthomson.com\/fr\/#website"},"datePublished":"2024-10-16T20:08:22+00:00","dateModified":"2026-04-02T14:49:02+00:00","breadcrumb":{"@id":"https:\/\/www.millerthomson.com\/fr\/carrieres\/etudiants-et-stagiaires\/programmes-pour-les-etudiants-montreal\/#breadcrumb"},"inLanguage":"fr-FR","potentialAction":[{"@type":"ReadAction","target":["https:\/\/www.millerthomson.com\/fr\/carrieres\/etudiants-et-stagiaires\/programmes-pour-les-etudiants-montreal\/"]}]},{"@type":"BreadcrumbList","@id":"https:\/\/www.millerthomson.com\/fr\/carrieres\/etudiants-et-stagiaires\/programmes-pour-les-etudiants-montreal\/#breadcrumb","itemListElement":[{"@type":"ListItem","position":1,"name":"Accueil","item":"https:\/\/www.millerthomson.com\/fr\/"},{"@type":"ListItem","position":2,"name":"Carri\u00e8res","item":"https:\/\/www.millerthomson.com\/fr\/carrieres\/"},{"@type":"ListItem","position":3,"name":"\u00c9tudiantes, \u00e9tudiants et stagiaires","item":"https:\/\/www.millerthomson.com\/fr\/carrieres\/etudiants-et-stagiaires\/"},{"@type":"ListItem","position":4,"name":"Programmes pour les \u00e9tudiants \u2013 Montr\u00e9al"}]},{"@type":"WebSite","@id":"https:\/\/www.millerthomson.com\/fr\/#website","url":"https:\/\/www.millerthomson.com\/fr\/","name":"Miller Thomson | Cabinet de droit des affaires pancanadien","description":"National law firm providing business law expertise and litigation and disputes services for businesses across Canada since 1957.","publisher":{"@id":"https:\/\/www.millerthomson.com\/fr\/#organization"},"potentialAction":[{"@type":"SearchAction","target":{"@type":"EntryPoint","urlTemplate":"https:\/\/www.millerthomson.com\/fr\/?s={search_term_string}"},"query-input":{"@type":"PropertyValueSpecification","valueRequired":true,"valueName":"search_term_string"}}],"inLanguage":"fr-FR"},{"@type":"Organization","@id":"https:\/\/www.millerthomson.com\/fr\/#organization","name":"Miller Thomson | Cabinet de droit des affaires pancanadien","url":"https:\/\/www.millerthomson.com\/fr\/","logo":{"@type":"ImageObject","inLanguage":"fr-FR","@id":"https:\/\/www.millerthomson.com\/fr\/#\/schema\/logo\/image\/","url":"https:\/\/www.millerthomson.com\/wp-content\/uploads\/2024\/10\/miller-thomson.svg","contentUrl":"https:\/\/www.millerthomson.com\/wp-content\/uploads\/2024\/10\/miller-thomson.svg","width":380,"height":50,"caption":"Miller Thomson | Cabinet de droit des affaires pancanadien"},"image":{"@id":"https:\/\/www.millerthomson.com\/fr\/#\/schema\/logo\/image\/"},"sameAs":["https:\/\/www.facebook.com\/MillerThomsonLaw\/","https:\/\/x.com\/millerthomson","https:\/\/www.linkedin.com\/company\/miller-thomson-llp\/","https:\/\/www.youtube.com\/@millerthomson"]}]}},"_links":{"self":[{"href":"https:\/\/www.millerthomson.com\/fr\/wp-json\/wp\/v2\/pages\/14683","targetHints":{"allow":["GET"]}}],"collection":[{"href":"https:\/\/www.millerthomson.com\/fr\/wp-json\/wp\/v2\/pages"}],"about":[{"href":"https:\/\/www.millerthomson.com\/fr\/wp-json\/wp\/v2\/types\/page"}],"author":[{"embeddable":true,"href":"https:\/\/www.millerthomson.com\/fr\/wp-json\/wp\/v2\/users\/107"}],"replies":[{"embeddable":true,"href":"https:\/\/www.millerthomson.com\/fr\/wp-json\/wp\/v2\/comments?post=14683"}],"version-history":[{"count":2,"href":"https:\/\/www.millerthomson.com\/fr\/wp-json\/wp\/v2\/pages\/14683\/revisions"}],"predecessor-version":[{"id":48887,"href":"https:\/\/www.millerthomson.com\/fr\/wp-json\/wp\/v2\/pages\/14683\/revisions\/48887"}],"up":[{"embeddable":true,"href":"https:\/\/www.millerthomson.com\/fr\/wp-json\/wp\/v2\/pages\/13910"}],"wp:attachment":[{"href":"https:\/\/www.millerthomson.com\/fr\/wp-json\/wp\/v2\/media?parent=14683"}],"curies":[{"name":"wp","href":"https:\/\/api.w.org\/{rel}","templated":true}]}}