{"id":1949,"date":"2023-08-11T12:49:53","date_gmt":"2023-08-11T16:49:53","guid":{"rendered":"https:\/\/www.millerthomson.com\/expertise\/labour-regulatory-fr\/"},"modified":"2025-12-10T19:11:45","modified_gmt":"2025-12-11T00:11:45","slug":"droit-du-travail-et-droit-de-lemploi","status":"publish","type":"expertise","link":"https:\/\/www.millerthomson.com\/fr\/expertises\/droit-du-travail-et-droit-de-lemploi\/","title":{"rendered":"Droit du travail et droit de l\u2019emploi"},"content":{"rendered":"<div id=\"overview\" class=\"page-banner wp-block-media-text is-stacked-on-mobile is-image-fill has-media-on-the-right alignfull\" style=\"background-color: var(--wp--preset--color--base-2)\" >\n    <figure class=\"wp-block-media-text__media\">\n        <img decoding=\"async\" width=\"1920\" height=\"1098\" src=\"https:\/\/www.millerthomson.com\/wp-content\/uploads\/2024\/09\/Expertise_Labour-And-Employment_Featured.jpg\" class=\"attachment-full size-full\" alt=\"group of diverse business colleagues in a meeting room\" srcset=\"https:\/\/www.millerthomson.com\/wp-content\/uploads\/2024\/09\/Expertise_Labour-And-Employment_Featured.jpg 1920w, https:\/\/www.millerthomson.com\/wp-content\/uploads\/2024\/09\/Expertise_Labour-And-Employment_Featured-600x343.jpg 600w, https:\/\/www.millerthomson.com\/wp-content\/uploads\/2024\/09\/Expertise_Labour-And-Employment_Featured-1200x686.jpg 1200w, https:\/\/www.millerthomson.com\/wp-content\/uploads\/2024\/09\/Expertise_Labour-And-Employment_Featured-300x172.jpg 300w, https:\/\/www.millerthomson.com\/wp-content\/uploads\/2024\/09\/Expertise_Labour-And-Employment_Featured-800x458.jpg 800w, https:\/\/www.millerthomson.com\/wp-content\/uploads\/2024\/09\/Expertise_Labour-And-Employment_Featured-400x229.jpg 400w, https:\/\/www.millerthomson.com\/wp-content\/uploads\/2024\/09\/Expertise_Labour-And-Employment_Featured-1889x1080.jpg 1889w\" sizes=\"(max-width: 1920px) 100vw, 1920px\" \/>        <div class=\"page-banner-colour-bar\"  ><\/div>\n    <\/figure>\n    <div class=\"wp-block-media-text__content\">\n        <p id=\"breadcrumbs\"><span><span><a href=\"https:\/\/www.millerthomson.com\/fr\/\">Accueil<\/a><\/span><\/span><\/p>        <div class=\"page-banner-acf__innerblocks\">\n<h1 class=\"wp-block-post-title\">Droit du travail et droit de l\u2019emploi<\/h1>\n\n\n<p class=\"has-text-align-left has-medium-font-size\"><strong>Tirez parti de solutions juridiques strat\u00e9giques pour les employeurs<\/strong><\/p>\n\n\n\n<p>Le groupe Droit du travail et droit de l\u2019emploi de Miller Thomson accompagne efficacement les entreprises publiques et priv\u00e9es en leur offrant des conseils \u00e9clair\u00e9s sur les l\u00e9gislations f\u00e9d\u00e9rales et provinciales.<\/p>\n\n\n\n<p>Notre but&nbsp;: vous aider \u00e0 prendre des d\u00e9cisions conformes aux meilleures pratiques et aux normes juridiques en vigueur. Nos avocats sp\u00e9cialis\u00e9s \u00e9tant r\u00e9partis dans tout le Canada, vous profiterez \u00e0 la fois d\u2019une pr\u00e9sence nationale et d\u2019une expertise locale.<\/p>\n\n<\/div>\n    <\/div>\n<\/div>\n\n\n\n<h2 class=\"wp-block-heading has-large-font-size\">Un soutien juridique complet<\/h2>\n\n\n\n<p style=\"margin-top:var(--wp--preset--spacing--x-small);margin-bottom:var(--wp--preset--spacing--x-small)\">Nos services couvrent tous les aspects du droit des ressources humaines.<\/p>\n\n\n\n<h3 class=\"wp-block-heading has-medium-font-size\">Droit g\u00e9n\u00e9ral de l\u2019emploi<\/h3>\n\n\n\n<ul class=\"wp-block-list\">\n<li><strong>Recrutement et embauche&nbsp;:<\/strong> mise en place de pratiques conformes et efficaces<\/li>\n\n\n\n<li><strong>Conformit\u00e9&nbsp;:<\/strong> conformit\u00e9 aux lois applicables, notamment en mati\u00e8re de normes du travail, de sant\u00e9 et s\u00e9curit\u00e9 au travail, de droits de la personne, de protection de la vie priv\u00e9e, d\u2019\u00e9quit\u00e9 et de transparence salariales, d\u2019accessibilit\u00e9, d\u2019immigration et d\u2019indemnisation des accidents du travail<\/li>\n\n\n\n<li><strong>Mesures disciplinaires et cessation d\u2019emploi&nbsp;:<\/strong> conseils et r\u00e9daction de programmes d\u2019incitation au d\u00e9part<\/li>\n\n\n\n<li><strong>Droits de la personne&nbsp;:<\/strong> conseils et formations, d\u00e9fense en cas de plainte<\/li>\n\n\n\n<li><strong>Harc\u00e8lement et s\u00e9curit\u00e9 au travail&nbsp;:<\/strong> r\u00e9ponse aux pr\u00e9occupations en mati\u00e8re de sant\u00e9 et de s\u00e9curit\u00e9 au travail<\/li>\n\n\n\n<li><strong>Gestion du rendement&nbsp;:<\/strong> cr\u00e9ation de programmes d\u2019am\u00e9lioration du rendement<\/li>\n\n\n\n<li><strong>Gestion de l\u2019invalidit\u00e9&nbsp;:<\/strong> assistance pour les demandes de renseignements m\u00e9dicaux, l\u2019\u00e9laboration de plans de retour au travail et la gestion de l\u2019absent\u00e9isme<\/li>\n\n\n\n<li><strong>R\u00e9daction de politiques&nbsp;:<\/strong> cr\u00e9ation et mise en \u0153uvre de politiques en milieu de travail et de manuels pour le personnel<\/li>\n\n\n\n<li><strong>Transactions d\u2019entreprise&nbsp;:<\/strong> conseils sur les questions li\u00e9es \u00e0 l\u2019emploi dans le cadre d\u2019une restructuration, d\u2019une fusion, d\u2019une acquisition ou d\u2019un partenariat<\/li>\n\n\n\n<li><strong>Contrats de travail&nbsp;:<\/strong> r\u00e9daction de contrats de travail pour le personnel, les cadres et les entrepreneurs ind\u00e9pendants, et d\u2019ententes de d\u00e9tachement<\/li>\n\n\n\n<li><strong>Structures de r\u00e9mun\u00e9ration&nbsp;:<\/strong> constitution de r\u00e9gimes de r\u00e9mun\u00e9ration au rendement<\/li>\n\n\n\n<li><strong>Litige&nbsp;:<\/strong> d\u00e9fense en cas de plainte pour cong\u00e9diement injustifi\u00e9 et mise en application de clauses restrictives, d\u2019obligations fiduciaires et de confidentialit\u00e9<\/li>\n<\/ul>\n\n\n\n<h3 class=\"wp-block-heading has-medium-font-size\">Relations de travail<\/h3>\n\n\n\n<ul class=\"wp-block-list\">\n<li><strong>Strat\u00e9gies non syndicales&nbsp;:<\/strong> conseils pour la gestion de milieux non syndiqu\u00e9s<\/li>\n\n\n\n<li><strong>Syndicalisation&nbsp;:<\/strong> r\u00e9ponse aux activit\u00e9s de syndicalisation<\/li>\n\n\n\n<li><strong>N\u00e9gociation collective&nbsp;:<\/strong> aide \u00e0 la n\u00e9gociation et \u00e0 l\u2019interpr\u00e9tation de conventions collectives<\/li>\n\n\n\n<li><strong>Relations de travail&nbsp;:<\/strong> conseils sur les questions quotidiennes de relations de travail et sur l\u2019interpr\u00e9tation de contrats<\/li>\n\n\n\n<li><strong>Griefs et arbitrage&nbsp;:<\/strong> repr\u00e9sentation de l\u2019employeur dans l\u2019arbitrage de griefs et de diff\u00e9rends<\/li>\n\n\n\n<li><strong>Demandes aupr\u00e8s des commissions des relations de travail&nbsp;:<\/strong> repr\u00e9sentation de l\u2019employeur en cas de plainte pour pratique de travail d\u00e9loyale, de demande d\u2019accr\u00e9ditation ou relative \u00e0 une cessation, etc.<\/li>\n<\/ul>\n\n\n\n<h2 class=\"wp-block-heading has-large-font-size\">Pourquoi nous choisir?<\/h2>\n\n\n\n<ul class=\"wp-block-list\">\n<li><strong>Planification strat\u00e9gique&nbsp;<\/strong>\u2013 Nous vous aidons \u00e0 anticiper les prochains d\u00e9fis de votre milieu de travail et \u00e0 vous y pr\u00e9parer.<\/li>\n\n\n\n<li><strong>Solutions proactives&nbsp;<\/strong>\u2013 Nous r\u00e9glons les probl\u00e8mes potentiels avant qu\u2019ils ne deviennent trop graves.<\/li>\n\n\n\n<li><strong>Accompagnement global&nbsp;<\/strong>\u2013 Des conseils juridiques au quotidien \u00e0 la planification strat\u00e9gique, nous vous offrons un soutien complet adapt\u00e9 \u00e0 vos besoins.<\/li>\n<\/ul>\n\n\n\n<h2 class=\"wp-block-heading has-large-font-size\">Prix et distinctions<\/h2>\n\n\n\n<ul class=\"wp-block-list\">\n<li>Cabinet reconnu par <em>Chambers and Partners <\/em>en travail et emploi (<em>Chambers Canada<\/em>)<\/li>\n\n\n\n<li>Cabinet reconnu par <em>Canadian Legal Lexpert Directory<\/em> en relations de travail<\/li>\n\n\n\n<li>Cabinet reconnu par <em>Best Law Firms<sup>MC<\/sup>\u00a0\u2013 Canada<\/em> en travail et emploi; avantages sociaux; immigration<\/li>\n\n\n\n<li>Cabinet reconnu par <em>The Legal 500 &#8211; Canada<\/em> en travail et emploi<\/li>\n<\/ul>\n\n\n\n<p><\/p>\n","protected":false},"excerpt":{"rendered":"<p>Le groupe Droit du travail et droit de l\u2019emploi de Miller Thomson offre un soutien pratique et strat\u00e9gique aux employeurs des secteurs priv\u00e9 et public assujettis aux lois f\u00e9d\u00e9rales ou provinciales. Notre but\u202f: aider la haute direction \u00e0 prendre des d\u00e9cisions \u00e9clair\u00e9es qui cadrent avec les meilleures pratiques et les normes en vigueur. Nos avocates et avocats sp\u00e9cialis\u00e9s sont r\u00e9partis dans tout le Canada, pour offrir \u00e0 la fois une pr\u00e9sence nationale et une expertise locale.\u00a0<\/p>\n","protected":false},"author":100,"featured_media":12361,"parent":0,"menu_order":0,"template":"","class_list":["post-1949","expertise","type-expertise","status-publish","has-post-thumbnail","hentry"],"acf":[],"yoast_head":"<!-- This site is optimized with the Yoast SEO plugin v26.1.1 - https:\/\/yoast.com\/wordpress\/plugins\/seo\/ -->\n<title>Droit du travail et droit de l\u2019emploi | Cabinet de Droit | Miller Thomson<\/title>\n<meta name=\"description\" content=\"Le groupe accompagne les entreprises publiques et priv\u00e9es en leur offrant des conseils \u00e9clair\u00e9s sur les l\u00e9gislations f\u00e9d\u00e9rales et provinciales.\" \/>\n<meta name=\"robots\" content=\"index, follow, max-snippet:-1, max-image-preview:large, max-video-preview:-1\" \/>\n<link rel=\"canonical\" href=\"https:\/\/www.millerthomson.com\/fr\/expertises\/droit-du-travail-et-droit-de-lemploi\/\" \/>\n<meta property=\"og:locale\" content=\"fr_FR\" \/>\n<meta property=\"og:type\" content=\"article\" \/>\n<meta property=\"og:title\" content=\"Droit du travail et droit de l\u2019emploi | Cabinet de Droit | Miller Thomson\" \/>\n<meta property=\"og:description\" content=\"Le groupe accompagne les entreprises publiques et priv\u00e9es en leur offrant des conseils \u00e9clair\u00e9s sur les l\u00e9gislations f\u00e9d\u00e9rales et provinciales.\" \/>\n<meta property=\"og:url\" content=\"https:\/\/www.millerthomson.com\/fr\/expertises\/droit-du-travail-et-droit-de-lemploi\/\" \/>\n<meta property=\"og:site_name\" content=\"Miller Thomson\" \/>\n<meta property=\"article:publisher\" content=\"https:\/\/www.facebook.com\/MillerThomsonLaw\/\" \/>\n<meta property=\"article:modified_time\" content=\"2025-12-11T00:11:45+00:00\" \/>\n<meta property=\"og:image\" content=\"https:\/\/www.millerthomson.com\/wp-content\/uploads\/2024\/09\/Expertise_Labour-And-Employment_Featured.jpg\" \/>\n\t<meta property=\"og:image:width\" content=\"1920\" \/>\n\t<meta property=\"og:image:height\" content=\"1098\" \/>\n\t<meta property=\"og:image:type\" content=\"image\/jpeg\" \/>\n<meta name=\"twitter:card\" content=\"summary_large_image\" \/>\n<meta name=\"twitter:site\" content=\"@millerthomson\" \/>\n<meta name=\"twitter:label1\" content=\"Est. reading time\" \/>\n\t<meta name=\"twitter:data1\" content=\"3 minutes\" \/>\n<script type=\"application\/ld+json\" class=\"yoast-schema-graph\">{\"@context\":\"https:\/\/schema.org\",\"@graph\":[{\"@type\":\"WebPage\",\"@id\":\"https:\/\/www.millerthomson.com\/fr\/expertises\/droit-du-travail-et-droit-de-lemploi\/\",\"url\":\"https:\/\/www.millerthomson.com\/fr\/expertises\/droit-du-travail-et-droit-de-lemploi\/\",\"name\":\"Droit du travail et droit de l\u2019emploi | Cabinet de Droit | Miller Thomson\",\"isPartOf\":{\"@id\":\"https:\/\/www.millerthomson.com\/fr\/#website\"},\"primaryImageOfPage\":{\"@id\":\"https:\/\/www.millerthomson.com\/fr\/expertises\/droit-du-travail-et-droit-de-lemploi\/#primaryimage\"},\"image\":{\"@id\":\"https:\/\/www.millerthomson.com\/fr\/expertises\/droit-du-travail-et-droit-de-lemploi\/#primaryimage\"},\"thumbnailUrl\":\"https:\/\/www.millerthomson.com\/wp-content\/uploads\/2024\/09\/Expertise_Labour-And-Employment_Featured.jpg\",\"datePublished\":\"2023-08-11T16:49:53+00:00\",\"dateModified\":\"2025-12-11T00:11:45+00:00\",\"description\":\"Le groupe accompagne les entreprises publiques et priv\u00e9es en leur offrant des conseils \u00e9clair\u00e9s sur les l\u00e9gislations f\u00e9d\u00e9rales et provinciales.\",\"breadcrumb\":{\"@id\":\"https:\/\/www.millerthomson.com\/fr\/expertises\/droit-du-travail-et-droit-de-lemploi\/#breadcrumb\"},\"inLanguage\":\"fr-FR\",\"potentialAction\":[{\"@type\":\"ReadAction\",\"target\":[\"https:\/\/www.millerthomson.com\/fr\/expertises\/droit-du-travail-et-droit-de-lemploi\/\"]}]},{\"@type\":\"ImageObject\",\"inLanguage\":\"fr-FR\",\"@id\":\"https:\/\/www.millerthomson.com\/fr\/expertises\/droit-du-travail-et-droit-de-lemploi\/#primaryimage\",\"url\":\"https:\/\/www.millerthomson.com\/wp-content\/uploads\/2024\/09\/Expertise_Labour-And-Employment_Featured.jpg\",\"contentUrl\":\"https:\/\/www.millerthomson.com\/wp-content\/uploads\/2024\/09\/Expertise_Labour-And-Employment_Featured.jpg\",\"width\":1920,\"height\":1098,\"caption\":\"group of diverse business colleagues in a meeting room\"},{\"@type\":\"BreadcrumbList\",\"@id\":\"https:\/\/www.millerthomson.com\/fr\/expertises\/droit-du-travail-et-droit-de-lemploi\/#breadcrumb\",\"itemListElement\":[{\"@type\":\"ListItem\",\"position\":1,\"name\":\"Accueil\",\"item\":\"https:\/\/www.millerthomson.com\/fr\/\"},{\"@type\":\"ListItem\",\"position\":2,\"name\":\"Expertises\",\"item\":\"https:\/\/www.millerthomson.com\/fr\/expertises\/\"},{\"@type\":\"ListItem\",\"position\":3,\"name\":\"Droit du travail et droit de l\u2019emploi\"}]},{\"@type\":\"WebSite\",\"@id\":\"https:\/\/www.millerthomson.com\/fr\/#website\",\"url\":\"https:\/\/www.millerthomson.com\/fr\/\",\"name\":\"Miller Thomson | Cabinet de droit des affaires pancanadien\",\"description\":\"National law firm providing business law expertise and litigation and disputes services for businesses across Canada since 1957.\",\"publisher\":{\"@id\":\"https:\/\/www.millerthomson.com\/fr\/#organization\"},\"potentialAction\":[{\"@type\":\"SearchAction\",\"target\":{\"@type\":\"EntryPoint\",\"urlTemplate\":\"https:\/\/www.millerthomson.com\/fr\/?s={search_term_string}\"},\"query-input\":{\"@type\":\"PropertyValueSpecification\",\"valueRequired\":true,\"valueName\":\"search_term_string\"}}],\"inLanguage\":\"fr-FR\"},{\"@type\":\"Organization\",\"@id\":\"https:\/\/www.millerthomson.com\/fr\/#organization\",\"name\":\"Miller Thomson | Cabinet de droit des affaires pancanadien\",\"url\":\"https:\/\/www.millerthomson.com\/fr\/\",\"logo\":{\"@type\":\"ImageObject\",\"inLanguage\":\"fr-FR\",\"@id\":\"https:\/\/www.millerthomson.com\/fr\/#\/schema\/logo\/image\/\",\"url\":\"https:\/\/www.millerthomson.com\/wp-content\/uploads\/2024\/10\/miller-thomson.svg\",\"contentUrl\":\"https:\/\/www.millerthomson.com\/wp-content\/uploads\/2024\/10\/miller-thomson.svg\",\"width\":380,\"height\":50,\"caption\":\"Miller Thomson | Cabinet de droit des affaires pancanadien\"},\"image\":{\"@id\":\"https:\/\/www.millerthomson.com\/fr\/#\/schema\/logo\/image\/\"},\"sameAs\":[\"https:\/\/www.facebook.com\/MillerThomsonLaw\/\",\"https:\/\/x.com\/millerthomson\",\"https:\/\/www.linkedin.com\/company\/miller-thomson-llp\/\",\"https:\/\/www.youtube.com\/@millerthomson\"]}]}<\/script>\n<!-- \/ Yoast SEO plugin. -->","yoast_head_json":{"title":"Droit du travail et droit de l\u2019emploi | Cabinet de Droit | Miller Thomson","description":"Le groupe accompagne les entreprises publiques et priv\u00e9es en leur offrant des conseils \u00e9clair\u00e9s sur les l\u00e9gislations f\u00e9d\u00e9rales et provinciales.","robots":{"index":"index","follow":"follow","max-snippet":"max-snippet:-1","max-image-preview":"max-image-preview:large","max-video-preview":"max-video-preview:-1"},"canonical":"https:\/\/www.millerthomson.com\/fr\/expertises\/droit-du-travail-et-droit-de-lemploi\/","og_locale":"fr_FR","og_type":"article","og_title":"Droit du travail et droit de l\u2019emploi | Cabinet de Droit | Miller Thomson","og_description":"Le groupe accompagne les entreprises publiques et priv\u00e9es en leur offrant des conseils \u00e9clair\u00e9s sur les l\u00e9gislations f\u00e9d\u00e9rales et provinciales.","og_url":"https:\/\/www.millerthomson.com\/fr\/expertises\/droit-du-travail-et-droit-de-lemploi\/","og_site_name":"Miller Thomson","article_publisher":"https:\/\/www.facebook.com\/MillerThomsonLaw\/","article_modified_time":"2025-12-11T00:11:45+00:00","og_image":[{"width":1920,"height":1098,"url":"https:\/\/www.millerthomson.com\/wp-content\/uploads\/2024\/09\/Expertise_Labour-And-Employment_Featured.jpg","type":"image\/jpeg"}],"twitter_card":"summary_large_image","twitter_site":"@millerthomson","twitter_misc":{"Est. reading time":"3 minutes"},"schema":{"@context":"https:\/\/schema.org","@graph":[{"@type":"WebPage","@id":"https:\/\/www.millerthomson.com\/fr\/expertises\/droit-du-travail-et-droit-de-lemploi\/","url":"https:\/\/www.millerthomson.com\/fr\/expertises\/droit-du-travail-et-droit-de-lemploi\/","name":"Droit du travail et droit de l\u2019emploi | Cabinet de Droit | Miller Thomson","isPartOf":{"@id":"https:\/\/www.millerthomson.com\/fr\/#website"},"primaryImageOfPage":{"@id":"https:\/\/www.millerthomson.com\/fr\/expertises\/droit-du-travail-et-droit-de-lemploi\/#primaryimage"},"image":{"@id":"https:\/\/www.millerthomson.com\/fr\/expertises\/droit-du-travail-et-droit-de-lemploi\/#primaryimage"},"thumbnailUrl":"https:\/\/www.millerthomson.com\/wp-content\/uploads\/2024\/09\/Expertise_Labour-And-Employment_Featured.jpg","datePublished":"2023-08-11T16:49:53+00:00","dateModified":"2025-12-11T00:11:45+00:00","description":"Le groupe accompagne les entreprises publiques et priv\u00e9es en leur offrant des conseils \u00e9clair\u00e9s sur les l\u00e9gislations f\u00e9d\u00e9rales et provinciales.","breadcrumb":{"@id":"https:\/\/www.millerthomson.com\/fr\/expertises\/droit-du-travail-et-droit-de-lemploi\/#breadcrumb"},"inLanguage":"fr-FR","potentialAction":[{"@type":"ReadAction","target":["https:\/\/www.millerthomson.com\/fr\/expertises\/droit-du-travail-et-droit-de-lemploi\/"]}]},{"@type":"ImageObject","inLanguage":"fr-FR","@id":"https:\/\/www.millerthomson.com\/fr\/expertises\/droit-du-travail-et-droit-de-lemploi\/#primaryimage","url":"https:\/\/www.millerthomson.com\/wp-content\/uploads\/2024\/09\/Expertise_Labour-And-Employment_Featured.jpg","contentUrl":"https:\/\/www.millerthomson.com\/wp-content\/uploads\/2024\/09\/Expertise_Labour-And-Employment_Featured.jpg","width":1920,"height":1098,"caption":"group of diverse business colleagues in a meeting room"},{"@type":"BreadcrumbList","@id":"https:\/\/www.millerthomson.com\/fr\/expertises\/droit-du-travail-et-droit-de-lemploi\/#breadcrumb","itemListElement":[{"@type":"ListItem","position":1,"name":"Accueil","item":"https:\/\/www.millerthomson.com\/fr\/"},{"@type":"ListItem","position":2,"name":"Expertises","item":"https:\/\/www.millerthomson.com\/fr\/expertises\/"},{"@type":"ListItem","position":3,"name":"Droit du travail et droit de l\u2019emploi"}]},{"@type":"WebSite","@id":"https:\/\/www.millerthomson.com\/fr\/#website","url":"https:\/\/www.millerthomson.com\/fr\/","name":"Miller Thomson | Cabinet de droit des affaires pancanadien","description":"National law firm providing business law expertise and litigation and disputes services for businesses across Canada since 1957.","publisher":{"@id":"https:\/\/www.millerthomson.com\/fr\/#organization"},"potentialAction":[{"@type":"SearchAction","target":{"@type":"EntryPoint","urlTemplate":"https:\/\/www.millerthomson.com\/fr\/?s={search_term_string}"},"query-input":{"@type":"PropertyValueSpecification","valueRequired":true,"valueName":"search_term_string"}}],"inLanguage":"fr-FR"},{"@type":"Organization","@id":"https:\/\/www.millerthomson.com\/fr\/#organization","name":"Miller Thomson | Cabinet de droit des affaires pancanadien","url":"https:\/\/www.millerthomson.com\/fr\/","logo":{"@type":"ImageObject","inLanguage":"fr-FR","@id":"https:\/\/www.millerthomson.com\/fr\/#\/schema\/logo\/image\/","url":"https:\/\/www.millerthomson.com\/wp-content\/uploads\/2024\/10\/miller-thomson.svg","contentUrl":"https:\/\/www.millerthomson.com\/wp-content\/uploads\/2024\/10\/miller-thomson.svg","width":380,"height":50,"caption":"Miller Thomson | Cabinet de droit des affaires pancanadien"},"image":{"@id":"https:\/\/www.millerthomson.com\/fr\/#\/schema\/logo\/image\/"},"sameAs":["https:\/\/www.facebook.com\/MillerThomsonLaw\/","https:\/\/x.com\/millerthomson","https:\/\/www.linkedin.com\/company\/miller-thomson-llp\/","https:\/\/www.youtube.com\/@millerthomson"]}]}},"_links":{"self":[{"href":"https:\/\/www.millerthomson.com\/fr\/wp-json\/wp\/v2\/expertise\/1949","targetHints":{"allow":["GET"]}}],"collection":[{"href":"https:\/\/www.millerthomson.com\/fr\/wp-json\/wp\/v2\/expertise"}],"about":[{"href":"https:\/\/www.millerthomson.com\/fr\/wp-json\/wp\/v2\/types\/expertise"}],"author":[{"embeddable":true,"href":"https:\/\/www.millerthomson.com\/fr\/wp-json\/wp\/v2\/users\/100"}],"version-history":[{"count":0,"href":"https:\/\/www.millerthomson.com\/fr\/wp-json\/wp\/v2\/expertise\/1949\/revisions"}],"wp:featuredmedia":[{"embeddable":true,"href":"https:\/\/www.millerthomson.com\/fr\/wp-json\/wp\/v2\/media\/12361"}],"wp:attachment":[{"href":"https:\/\/www.millerthomson.com\/fr\/wp-json\/wp\/v2\/media?parent=1949"}],"curies":[{"name":"wp","href":"https:\/\/api.w.org\/{rel}","templated":true}]}}