{"id":33583,"date":"2025-05-20T13:30:34","date_gmt":"2025-05-20T17:30:34","guid":{"rendered":"https:\/\/www.millerthomson.com\/?post_type=events&#038;p=33583"},"modified":"2025-06-26T12:43:26","modified_gmt":"2025-06-26T16:43:26","slug":"comprendre-lenjeu-des-tarifs-douaniers-perspectives-canadiennes-et-mondiales","status":"publish","type":"events","link":"https:\/\/www.millerthomson.com\/fr\/evenements\/comprendre-lenjeu-des-tarifs-douaniers-perspectives-canadiennes-et-mondiales\/","title":{"rendered":"Comprendre l\u2019enjeu des tarifs douaniers : Perspectives canadiennes et mondiales"},"content":{"rendered":"\n<p>Venez \u00e0 la rencontre de nos associ\u00e9s Miller Thomson ainsi que d\u2019experts reconnus en politique et en commerce international dans le cadre d\u2019un \u00e9v\u00e9nement portant sur l\u2019\u00e9volution du paysage tarifaire au Canada, aux \u00c9tats-Unis et dans le reste du monde.<\/p>\n\n\n\n<p>Les intervenants mettront leurs perspectives strat\u00e9giques au profit des soci\u00e9t\u00e9s qui exercent des deux c\u00f4t\u00e9s de la fronti\u00e8re, aborderont les d\u00e9fis \u00e0 relever et feront le point sur les derni\u00e8res \u00e9volutions.&nbsp;<\/p>\n\n\n\n<p>Nous avons \u00e9galement l\u2019honneur d\u2019accueillir&nbsp;<strong>Martin Coiteux<\/strong>, ancien \u00e9conomiste en chef de la CDPQ (2019-2023), ministre et pr\u00e9sident du Conseil du Tr\u00e9sor, actuellement professeur associ\u00e9 \u00e0 HEC Montr\u00e9al, pour une entrevue in\u00e9dite sur les enjeux et les occasions favorables qui se pr\u00e9sentent aux entreprises qu\u00e9b\u00e9coises.<\/p>\n\n\n\n<p><br>Si vous souhaitez vous inscrire contacter <a href=\"mailto:mtlevents@millerthomson.com\">mtlevents@millerthomson.com<\/a><\/p>\n\n\n\n<p><br><strong>PROGRAMME<\/strong><\/p>\n\n\n\n<p><br><strong>8 h 00 \u2013 8 h 30 | Accueil et petit-d\u00e9jeuner<\/strong><\/p>\n\n\n\n<p><br><strong>8 h 30 \u2013 8 h 35 |&nbsp;Mot d\u2019ouverture<\/strong><\/p>\n\n\n\n<p><br><strong>8 h 35 \u2013 9 h 45 |&nbsp;La perspective canadienne des tarifs douaniers&nbsp;<\/strong><em>(En anglais seulement)<br><\/em><br>Notre \u00e9quipe Tarifs douaniers de Miller Thomson fera le point sur la situation tarifaire actuelle d\u2019un point de vue canadien, en mettant l\u2019accent sur les strat\u00e9gies d\u2019att\u00e9nuation, les possibilit\u00e9s de demande de remise, les consid\u00e9rations fiscales, les option de gestion des accords d\u2019approvisionnement et l\u2019incidence de ces d\u00e9veloppements sur les principales politiques et les affaires.<br><br><strong>Olivier Paul-Hus<\/strong>, Directeur de tarification&nbsp;| PwC Montr\u00e9al<br><strong>Marie-H\u00e9l\u00e8ne Tremblay<\/strong>, Associ\u00e9e | Miller Thomson<br><strong>Daniel Kiselbach<\/strong>, Associ\u00e9 | Miller Thomson<br><strong>Colleen Ma<\/strong>, Associ\u00e9e | Miller Thomson<br><strong>Barry Horne<\/strong>, Associ\u00e9 | Miller Thomson<br><strong>Louis Amato-Gauci<\/strong>, Associ\u00e9 | Miller Thomson<\/p>\n\n\n\n<p><br><strong>9 h 45 \u2013 10 h 00 | L\u2019impact des tarifs douaniers sur les chantiers de construction&nbsp;<\/strong><em>(En fran\u00e7ais seulement)<br><\/em><br><strong>Yann-Julien Chouinard<\/strong>, Associ\u00e9 | Miller Thomson<br><strong>J\u00e9r\u00f4me Coderre<\/strong>, Soci\u00e9taire | Miller Thomson<\/p>\n\n\n\n<p><br><strong>10 h 00 \u2013 10 h 15 | Pause caf\u00e9<\/strong><br>Pause avec rafra\u00eechissements et occasions de r\u00e9seautage<\/p>\n\n\n\n<p><br><strong>10 h 15 \u2013 11 h 00 |\u00a0Panel international \u2013 Le paysage du commerce mondial<br><\/strong><br>Causerie : Cette discussion portera sur la r\u00e9alit\u00e9 actuelle des consid\u00e9rations commerciales cl\u00e9s, l\u2019influence des march\u00e9s internationaux sur la politique douani\u00e8re ainsi que les points \u00e0 retenir pour les soci\u00e9t\u00e9s internationales exer\u00e7ant au Canada.\u00a0<br><br><strong>Alexandre Lagarde<\/strong>, Vice-pr\u00e9sident, Investissements \u00e9trangers | Montr\u00e9al International<br><strong>Daniel Silverman<\/strong>, Vice-pr\u00e9sident, Investissements d&rsquo;impact et projets majeurs | Investissement Qu\u00e9bec<\/p>\n\n\n\n<p><br><strong>11 h 00 \u2013 11 h 45 |<\/strong>&nbsp;&nbsp;<strong>Grande entrevue avec Martin Coiteux&nbsp;<\/strong><em>(En fran\u00e7ais seulement)<br><\/em><strong><br>Martin Coiteux<\/strong>, \u00c9conomiste en chef de la CDPQ (2019-2023), ancien ministre (2016-2018) et pr\u00e9sident du Conseil du Tr\u00e9sor (2014-2016) et professeur associ\u00e9 \u00e0 HEC Montr\u00e9al&nbsp;<\/p>\n\n\n\n<p><br><strong>11 h 45 \u2013 12 h 15 | Perspectives am\u00e9ricaines sur les tarifs douaniers&nbsp;<\/strong><em>(En anglais seulement)<\/em><\/p>\n\n\n\n<p><strong>Robert M. Kossick, Ph.D. <\/strong>Avocat sp\u00e9cialis\u00e9 en douane et commerce international et courtier en douane agr\u00e9\u00e9<br><strong>Geoffrey Goodale<\/strong>, Associ\u00e9|Duane Morris LLP<\/p>\n\n\n\n<p><br><strong>12 h 15 |&nbsp;Mot de cl\u00f4ture<\/strong><\/p>\n\n\n\n<p><br><strong>12 h 15 \u2013 13 h 15 |&nbsp;D\u00eener de r\u00e9seautage<\/strong><\/p>\n","protected":false},"author":5,"template":"","event-type":[466],"class_list":["post-33583","events","type-events","status-publish","hentry"],"acf":[],"yoast_head":"<!-- This site is optimized with the Yoast SEO plugin v26.1.1 - https:\/\/yoast.com\/wordpress\/plugins\/seo\/ -->\n<title>Comprendre l\u2019enjeu des tarifs douaniers : Perspectives canadiennes et mondiales | Miller Thomson<\/title>\n<meta name=\"robots\" content=\"index, follow, max-snippet:-1, max-image-preview:large, max-video-preview:-1\" \/>\n<link rel=\"canonical\" href=\"https:\/\/www.millerthomson.com\/fr\/evenements\/comprendre-lenjeu-des-tarifs-douaniers-perspectives-canadiennes-et-mondiales\/\" \/>\n<meta property=\"og:locale\" content=\"fr_FR\" \/>\n<meta property=\"og:type\" content=\"article\" \/>\n<meta property=\"og:title\" content=\"Comprendre l\u2019enjeu des tarifs douaniers : Perspectives canadiennes et mondiales | Miller Thomson\" \/>\n<meta property=\"og:description\" content=\"Venez \u00e0 la rencontre de nos associ\u00e9s Miller Thomson ainsi que d\u2019experts reconnus en politique et en commerce international dans le cadre d\u2019un \u00e9v\u00e9nement portant sur l\u2019\u00e9volution du paysage tarifaire au Canada, aux \u00c9tats-Unis et dans le reste du monde. Les intervenants mettront leurs perspectives strat\u00e9giques au profit des soci\u00e9t\u00e9s qui exercent des deux c\u00f4t\u00e9s [&hellip;]\" \/>\n<meta property=\"og:url\" content=\"https:\/\/www.millerthomson.com\/fr\/evenements\/comprendre-lenjeu-des-tarifs-douaniers-perspectives-canadiennes-et-mondiales\/\" \/>\n<meta property=\"og:site_name\" content=\"Miller Thomson\" \/>\n<meta property=\"article:publisher\" content=\"https:\/\/www.facebook.com\/MillerThomsonLaw\/\" \/>\n<meta property=\"article:modified_time\" content=\"2025-06-26T16:43:26+00:00\" \/>\n<meta name=\"twitter:card\" content=\"summary_large_image\" \/>\n<meta name=\"twitter:site\" content=\"@millerthomson\" \/>\n<meta name=\"twitter:label1\" content=\"Est. reading time\" \/>\n\t<meta name=\"twitter:data1\" content=\"3 minutes\" \/>\n<script type=\"application\/ld+json\" class=\"yoast-schema-graph\">{\"@context\":\"https:\/\/schema.org\",\"@graph\":[{\"@type\":\"WebPage\",\"@id\":\"https:\/\/www.millerthomson.com\/fr\/evenements\/comprendre-lenjeu-des-tarifs-douaniers-perspectives-canadiennes-et-mondiales\/\",\"url\":\"https:\/\/www.millerthomson.com\/fr\/evenements\/comprendre-lenjeu-des-tarifs-douaniers-perspectives-canadiennes-et-mondiales\/\",\"name\":\"Comprendre l\u2019enjeu des tarifs douaniers : Perspectives canadiennes et mondiales | Miller Thomson\",\"isPartOf\":{\"@id\":\"https:\/\/www.millerthomson.com\/fr\/#website\"},\"datePublished\":\"2025-05-20T17:30:34+00:00\",\"dateModified\":\"2025-06-26T16:43:26+00:00\",\"breadcrumb\":{\"@id\":\"https:\/\/www.millerthomson.com\/fr\/evenements\/comprendre-lenjeu-des-tarifs-douaniers-perspectives-canadiennes-et-mondiales\/#breadcrumb\"},\"inLanguage\":\"fr-FR\",\"potentialAction\":[{\"@type\":\"ReadAction\",\"target\":[\"https:\/\/www.millerthomson.com\/fr\/evenements\/comprendre-lenjeu-des-tarifs-douaniers-perspectives-canadiennes-et-mondiales\/\"]}]},{\"@type\":\"BreadcrumbList\",\"@id\":\"https:\/\/www.millerthomson.com\/fr\/evenements\/comprendre-lenjeu-des-tarifs-douaniers-perspectives-canadiennes-et-mondiales\/#breadcrumb\",\"itemListElement\":[{\"@type\":\"ListItem\",\"position\":1,\"name\":\"Accueil\",\"item\":\"https:\/\/www.millerthomson.com\/fr\/\"},{\"@type\":\"ListItem\",\"position\":2,\"name\":\"\u00c9v\u00e9nements\",\"item\":\"https:\/\/www.millerthomson.com\/fr\/evenements\/\"},{\"@type\":\"ListItem\",\"position\":3,\"name\":\"Comprendre l\u2019enjeu des tarifs douaniers : Perspectives canadiennes et mondiales\"}]},{\"@type\":\"WebSite\",\"@id\":\"https:\/\/www.millerthomson.com\/fr\/#website\",\"url\":\"https:\/\/www.millerthomson.com\/fr\/\",\"name\":\"Miller Thomson | Cabinet de droit des affaires pancanadien\",\"description\":\"National law firm providing business law expertise and litigation and disputes services for businesses across Canada since 1957.\",\"publisher\":{\"@id\":\"https:\/\/www.millerthomson.com\/fr\/#organization\"},\"potentialAction\":[{\"@type\":\"SearchAction\",\"target\":{\"@type\":\"EntryPoint\",\"urlTemplate\":\"https:\/\/www.millerthomson.com\/fr\/?s={search_term_string}\"},\"query-input\":{\"@type\":\"PropertyValueSpecification\",\"valueRequired\":true,\"valueName\":\"search_term_string\"}}],\"inLanguage\":\"fr-FR\"},{\"@type\":\"Organization\",\"@id\":\"https:\/\/www.millerthomson.com\/fr\/#organization\",\"name\":\"Miller Thomson | Cabinet de droit des affaires pancanadien\",\"url\":\"https:\/\/www.millerthomson.com\/fr\/\",\"logo\":{\"@type\":\"ImageObject\",\"inLanguage\":\"fr-FR\",\"@id\":\"https:\/\/www.millerthomson.com\/fr\/#\/schema\/logo\/image\/\",\"url\":\"https:\/\/www.millerthomson.com\/wp-content\/uploads\/2024\/10\/miller-thomson.svg\",\"contentUrl\":\"https:\/\/www.millerthomson.com\/wp-content\/uploads\/2024\/10\/miller-thomson.svg\",\"width\":380,\"height\":50,\"caption\":\"Miller Thomson | Cabinet de droit des affaires pancanadien\"},\"image\":{\"@id\":\"https:\/\/www.millerthomson.com\/fr\/#\/schema\/logo\/image\/\"},\"sameAs\":[\"https:\/\/www.facebook.com\/MillerThomsonLaw\/\",\"https:\/\/x.com\/millerthomson\",\"https:\/\/www.linkedin.com\/company\/miller-thomson-llp\/\",\"https:\/\/www.youtube.com\/@millerthomson\"]}]}<\/script>\n<!-- \/ Yoast SEO plugin. -->","yoast_head_json":{"title":"Comprendre l\u2019enjeu des tarifs douaniers : Perspectives canadiennes et mondiales | Miller Thomson","robots":{"index":"index","follow":"follow","max-snippet":"max-snippet:-1","max-image-preview":"max-image-preview:large","max-video-preview":"max-video-preview:-1"},"canonical":"https:\/\/www.millerthomson.com\/fr\/evenements\/comprendre-lenjeu-des-tarifs-douaniers-perspectives-canadiennes-et-mondiales\/","og_locale":"fr_FR","og_type":"article","og_title":"Comprendre l\u2019enjeu des tarifs douaniers : Perspectives canadiennes et mondiales | Miller Thomson","og_description":"Venez \u00e0 la rencontre de nos associ\u00e9s Miller Thomson ainsi que d\u2019experts reconnus en politique et en commerce international dans le cadre d\u2019un \u00e9v\u00e9nement portant sur l\u2019\u00e9volution du paysage tarifaire au Canada, aux \u00c9tats-Unis et dans le reste du monde. Les intervenants mettront leurs perspectives strat\u00e9giques au profit des soci\u00e9t\u00e9s qui exercent des deux c\u00f4t\u00e9s [&hellip;]","og_url":"https:\/\/www.millerthomson.com\/fr\/evenements\/comprendre-lenjeu-des-tarifs-douaniers-perspectives-canadiennes-et-mondiales\/","og_site_name":"Miller Thomson","article_publisher":"https:\/\/www.facebook.com\/MillerThomsonLaw\/","article_modified_time":"2025-06-26T16:43:26+00:00","twitter_card":"summary_large_image","twitter_site":"@millerthomson","twitter_misc":{"Est. reading time":"3 minutes"},"schema":{"@context":"https:\/\/schema.org","@graph":[{"@type":"WebPage","@id":"https:\/\/www.millerthomson.com\/fr\/evenements\/comprendre-lenjeu-des-tarifs-douaniers-perspectives-canadiennes-et-mondiales\/","url":"https:\/\/www.millerthomson.com\/fr\/evenements\/comprendre-lenjeu-des-tarifs-douaniers-perspectives-canadiennes-et-mondiales\/","name":"Comprendre l\u2019enjeu des tarifs douaniers : Perspectives canadiennes et mondiales | Miller Thomson","isPartOf":{"@id":"https:\/\/www.millerthomson.com\/fr\/#website"},"datePublished":"2025-05-20T17:30:34+00:00","dateModified":"2025-06-26T16:43:26+00:00","breadcrumb":{"@id":"https:\/\/www.millerthomson.com\/fr\/evenements\/comprendre-lenjeu-des-tarifs-douaniers-perspectives-canadiennes-et-mondiales\/#breadcrumb"},"inLanguage":"fr-FR","potentialAction":[{"@type":"ReadAction","target":["https:\/\/www.millerthomson.com\/fr\/evenements\/comprendre-lenjeu-des-tarifs-douaniers-perspectives-canadiennes-et-mondiales\/"]}]},{"@type":"BreadcrumbList","@id":"https:\/\/www.millerthomson.com\/fr\/evenements\/comprendre-lenjeu-des-tarifs-douaniers-perspectives-canadiennes-et-mondiales\/#breadcrumb","itemListElement":[{"@type":"ListItem","position":1,"name":"Accueil","item":"https:\/\/www.millerthomson.com\/fr\/"},{"@type":"ListItem","position":2,"name":"\u00c9v\u00e9nements","item":"https:\/\/www.millerthomson.com\/fr\/evenements\/"},{"@type":"ListItem","position":3,"name":"Comprendre l\u2019enjeu des tarifs douaniers : Perspectives canadiennes et mondiales"}]},{"@type":"WebSite","@id":"https:\/\/www.millerthomson.com\/fr\/#website","url":"https:\/\/www.millerthomson.com\/fr\/","name":"Miller Thomson | Cabinet de droit des affaires pancanadien","description":"National law firm providing business law expertise and litigation and disputes services for businesses across Canada since 1957.","publisher":{"@id":"https:\/\/www.millerthomson.com\/fr\/#organization"},"potentialAction":[{"@type":"SearchAction","target":{"@type":"EntryPoint","urlTemplate":"https:\/\/www.millerthomson.com\/fr\/?s={search_term_string}"},"query-input":{"@type":"PropertyValueSpecification","valueRequired":true,"valueName":"search_term_string"}}],"inLanguage":"fr-FR"},{"@type":"Organization","@id":"https:\/\/www.millerthomson.com\/fr\/#organization","name":"Miller Thomson | Cabinet de droit des affaires pancanadien","url":"https:\/\/www.millerthomson.com\/fr\/","logo":{"@type":"ImageObject","inLanguage":"fr-FR","@id":"https:\/\/www.millerthomson.com\/fr\/#\/schema\/logo\/image\/","url":"https:\/\/www.millerthomson.com\/wp-content\/uploads\/2024\/10\/miller-thomson.svg","contentUrl":"https:\/\/www.millerthomson.com\/wp-content\/uploads\/2024\/10\/miller-thomson.svg","width":380,"height":50,"caption":"Miller Thomson | Cabinet de droit des affaires pancanadien"},"image":{"@id":"https:\/\/www.millerthomson.com\/fr\/#\/schema\/logo\/image\/"},"sameAs":["https:\/\/www.facebook.com\/MillerThomsonLaw\/","https:\/\/x.com\/millerthomson","https:\/\/www.linkedin.com\/company\/miller-thomson-llp\/","https:\/\/www.youtube.com\/@millerthomson"]}]}},"_links":{"self":[{"href":"https:\/\/www.millerthomson.com\/fr\/wp-json\/wp\/v2\/events\/33583","targetHints":{"allow":["GET"]}}],"collection":[{"href":"https:\/\/www.millerthomson.com\/fr\/wp-json\/wp\/v2\/events"}],"about":[{"href":"https:\/\/www.millerthomson.com\/fr\/wp-json\/wp\/v2\/types\/events"}],"author":[{"embeddable":true,"href":"https:\/\/www.millerthomson.com\/fr\/wp-json\/wp\/v2\/users\/5"}],"version-history":[{"count":0,"href":"https:\/\/www.millerthomson.com\/fr\/wp-json\/wp\/v2\/events\/33583\/revisions"}],"wp:attachment":[{"href":"https:\/\/www.millerthomson.com\/fr\/wp-json\/wp\/v2\/media?parent=33583"}],"wp:term":[{"taxonomy":"event-type","embeddable":true,"href":"https:\/\/www.millerthomson.com\/fr\/wp-json\/wp\/v2\/event-type?post=33583"}],"curies":[{"name":"wp","href":"https:\/\/api.w.org\/{rel}","templated":true}]}}