{"id":26756,"date":"2025-01-23T11:32:02","date_gmt":"2025-01-23T16:32:02","guid":{"rendered":"https:\/\/www.millerthomson.com\/deals-cases\/legal-victory-for-the-association-of-families-of-flight-ps752-victims\/"},"modified":"2025-01-23T12:09:26","modified_gmt":"2025-01-23T17:09:26","slug":"legal-victory-for-the-association-of-families-of-flight-ps752-victims","status":"publish","type":"deals-cases","link":"https:\/\/www.millerthomson.com\/fr\/transactions-et-causes\/legal-victory-for-the-association-of-families-of-flight-ps752-victims\/","title":{"rendered":"Victoire juridique pour l\u2019Association des familles des victimes du vol\u00a0PS752"},"content":{"rendered":"\n<p>Le 27&nbsp;novembre&nbsp;2024, la Cour sup\u00e9rieure de l\u2019Ontario a rejet\u00e9 une action en justice intent\u00e9e contre l\u2019organisme \u00e0 but non lucratif <em>Association des familles des victimes du vol&nbsp;PS752 <\/em>(l\u2019\u00ab&nbsp;Association&nbsp;\u00bb) par l\u2019un de ses membres, Mehrzad Zarei. Dans sa d\u00e9cision, la Cour a confirm\u00e9 que l\u2019Association n\u2019avait pas agi de mani\u00e8re inappropri\u00e9e ou oppressive envers M.&nbsp;Zarei et qu\u2019elle avait trait\u00e9 ses plaintes de fa\u00e7on juste et \u00e9quitable.<\/p>\n\n\n\n<p>L\u2019Association a \u00e9t\u00e9 cr\u00e9\u00e9e \u00e0 la suite du drame du vol&nbsp;PS752 d\u2019Ukraine Airlines, abattu le 8&nbsp;janvier&nbsp;2020 par deux missiles sol-air iraniens, causant la mort de toutes les personnes \u00e0 bord. Cette trag\u00e9die, qui a attir\u00e9 l\u2019attention du monde entier et suscit\u00e9 un toll\u00e9 dans les milieux g\u00e9opolitiques, repr\u00e9sente la plus grande perte de vies canadiennes en aviation depuis le tristement c\u00e9l\u00e8bre attentat d\u2019Air India en 1985. Cr\u00e9\u00e9e par des membres des familles des victimes, l\u2019Association poursuit une mission tripartite&nbsp;: rechercher la v\u00e9rit\u00e9 et la justice pour les victimes, offrir un soutien communautaire aux familles endeuill\u00e9es, et honorer la m\u00e9moire des disparus. Parmi ses initiatives, elle a organis\u00e9 des rassemblements et des c\u00e9r\u00e9monies comm\u00e9moratives en pr\u00e9sence de nombreux dignitaires, y compris le premier ministre. Elle milite \u00e9galement pour que les responsables soient traduits en justice devant des tribunaux internationaux et collabore avec les Nations Unies.<\/p>\n\n\n\n<p>Le demandeur, Mehrzad Zarei, est membre de l\u2019Association et \u00e9galement plaignant dans une action civile distincte contre le gouvernement iranien et des entit\u00e9s affili\u00e9es. L\u2019Association n\u2019est pas impliqu\u00e9e dans cette action. M.&nbsp;Zarei a pr\u00e9sent\u00e9 des demandes \u00e0 l\u2019Association d\u00e9passant ce \u00e0 quoi a droit un membre d\u2019un organisme \u00e0 but non lucratif en vertu du droit canadien, notamment une demande de soutien financier pour sa d\u00e9marche juridique. L\u2019Association a fourni \u00e0 M.&nbsp;Zarei toutes les informations auxquelles il avait l\u00e9galement droit, mais a refus\u00e9 de r\u00e9pondre \u00e0 ses autres requ\u00eates ou de le soutenir financi\u00e8rement dans son action en justice priv\u00e9e. Insatisfait de cette d\u00e9cision, M.&nbsp;Zarei a poursuivi l\u2019Association, affirmant que cette derni\u00e8re avait adopt\u00e9 une conduite oppressive.<\/p>\n\n\n\n<p>La Cour a jug\u00e9 que les d\u00e9cisions de l\u2019Association \u00e9taient justifi\u00e9es et conformes au droit, soulignant que M.&nbsp;Zarei ne pouvait raisonnablement s\u2019attendre \u00e0 recevoir des documents auxquels il n\u2019avait pas l\u00e9galement droit. La Cour a \u00e9galement not\u00e9 que M.&nbsp;Zarei, en tant que membre de l\u2019Association, avait eu l\u2019occasion de soumettre des propositions pour examen lors des assembl\u00e9es g\u00e9n\u00e9rales annuelles, mais qu\u2019il avait choisi de ne pas le faire (ni m\u00eame d\u2019assister aux deux derni\u00e8res assembl\u00e9es g\u00e9n\u00e9rales annuelles).<\/p>\n\n\n\n<p>Le juge Papageorgiou a salu\u00e9 la gouvernance d\u00e9mocratique de l\u2019Association ainsi que son travail essentiel des cinq derni\u00e8res ann\u00e9es, notamment son soutien aux familles des victimes, l\u2019organisation de comm\u00e9morations et sa collaboration avec des organisations mondiales de d\u00e9fense des droits de la personne pour obtenir justice. Cette d\u00e9cision constitue une victoire juridique importante pour l\u2019Association et renforce les principes de gouvernance des organismes \u00e0 but non lucratif au Canada.<\/p>\n","protected":false},"author":92,"template":"","class_list":["post-26756","deals-cases","type-deals-cases","status-publish","hentry"],"acf":[],"yoast_head":"<!-- This site is optimized with the Yoast SEO plugin v26.1.1 - https:\/\/yoast.com\/wordpress\/plugins\/seo\/ -->\n<title>Victoire juridique pour l\u2019Association des familles des victimes du vol\u00a0PS752 | Miller Thomson<\/title>\n<meta name=\"robots\" content=\"index, follow, max-snippet:-1, max-image-preview:large, max-video-preview:-1\" \/>\n<link rel=\"canonical\" href=\"https:\/\/www.millerthomson.com\/fr\/transactions-et-causes\/legal-victory-for-the-association-of-families-of-flight-ps752-victims\/\" \/>\n<meta property=\"og:locale\" content=\"fr_FR\" \/>\n<meta property=\"og:type\" content=\"article\" \/>\n<meta property=\"og:title\" content=\"Victoire juridique pour l\u2019Association des familles des victimes du vol\u00a0PS752 | Miller Thomson\" \/>\n<meta property=\"og:description\" content=\"Le 27&nbsp;novembre&nbsp;2024, la Cour sup\u00e9rieure de l\u2019Ontario a rejet\u00e9 une action en justice intent\u00e9e contre l\u2019organisme \u00e0 but non lucratif Association des familles des victimes du vol&nbsp;PS752 (l\u2019\u00ab&nbsp;Association&nbsp;\u00bb) par l\u2019un de ses membres, Mehrzad Zarei. Dans sa d\u00e9cision, la Cour a confirm\u00e9 que l\u2019Association n\u2019avait pas agi de mani\u00e8re inappropri\u00e9e ou oppressive envers M.&nbsp;Zarei et [&hellip;]\" \/>\n<meta property=\"og:url\" content=\"https:\/\/www.millerthomson.com\/fr\/transactions-et-causes\/legal-victory-for-the-association-of-families-of-flight-ps752-victims\/\" \/>\n<meta property=\"og:site_name\" content=\"Miller Thomson\" \/>\n<meta property=\"article:publisher\" content=\"https:\/\/www.facebook.com\/MillerThomsonLaw\/\" \/>\n<meta property=\"article:modified_time\" content=\"2025-01-23T17:09:26+00:00\" \/>\n<meta name=\"twitter:card\" content=\"summary_large_image\" \/>\n<meta name=\"twitter:site\" content=\"@millerthomson\" \/>\n<meta name=\"twitter:label1\" content=\"Est. reading time\" \/>\n\t<meta name=\"twitter:data1\" content=\"3 minutes\" \/>\n<script type=\"application\/ld+json\" class=\"yoast-schema-graph\">{\"@context\":\"https:\/\/schema.org\",\"@graph\":[{\"@type\":\"WebPage\",\"@id\":\"https:\/\/www.millerthomson.com\/fr\/transactions-et-causes\/legal-victory-for-the-association-of-families-of-flight-ps752-victims\/\",\"url\":\"https:\/\/www.millerthomson.com\/fr\/transactions-et-causes\/legal-victory-for-the-association-of-families-of-flight-ps752-victims\/\",\"name\":\"Victoire juridique pour l\u2019Association des familles des victimes du vol\u00a0PS752 | Miller Thomson\",\"isPartOf\":{\"@id\":\"https:\/\/www.millerthomson.com\/fr\/#website\"},\"datePublished\":\"2025-01-23T16:32:02+00:00\",\"dateModified\":\"2025-01-23T17:09:26+00:00\",\"breadcrumb\":{\"@id\":\"https:\/\/www.millerthomson.com\/fr\/transactions-et-causes\/legal-victory-for-the-association-of-families-of-flight-ps752-victims\/#breadcrumb\"},\"inLanguage\":\"fr-FR\",\"potentialAction\":[{\"@type\":\"ReadAction\",\"target\":[\"https:\/\/www.millerthomson.com\/fr\/transactions-et-causes\/legal-victory-for-the-association-of-families-of-flight-ps752-victims\/\"]}]},{\"@type\":\"BreadcrumbList\",\"@id\":\"https:\/\/www.millerthomson.com\/fr\/transactions-et-causes\/legal-victory-for-the-association-of-families-of-flight-ps752-victims\/#breadcrumb\",\"itemListElement\":[{\"@type\":\"ListItem\",\"position\":1,\"name\":\"Accueil\",\"item\":\"https:\/\/www.millerthomson.com\/fr\/\"},{\"@type\":\"ListItem\",\"position\":2,\"name\":\"Transactions et mandats\",\"item\":\"https:\/\/www.millerthomson.com\/fr\/transactions-et-causes\/\"},{\"@type\":\"ListItem\",\"position\":3,\"name\":\"Victoire juridique pour l\u2019Association des familles des victimes du vol\u00a0PS752\"}]},{\"@type\":\"WebSite\",\"@id\":\"https:\/\/www.millerthomson.com\/fr\/#website\",\"url\":\"https:\/\/www.millerthomson.com\/fr\/\",\"name\":\"Miller Thomson | Cabinet de droit des affaires pancanadien\",\"description\":\"National law firm providing business law expertise and litigation and disputes services for businesses across Canada since 1957.\",\"publisher\":{\"@id\":\"https:\/\/www.millerthomson.com\/fr\/#organization\"},\"potentialAction\":[{\"@type\":\"SearchAction\",\"target\":{\"@type\":\"EntryPoint\",\"urlTemplate\":\"https:\/\/www.millerthomson.com\/fr\/?s={search_term_string}\"},\"query-input\":{\"@type\":\"PropertyValueSpecification\",\"valueRequired\":true,\"valueName\":\"search_term_string\"}}],\"inLanguage\":\"fr-FR\"},{\"@type\":\"Organization\",\"@id\":\"https:\/\/www.millerthomson.com\/fr\/#organization\",\"name\":\"Miller Thomson | Cabinet de droit des affaires pancanadien\",\"url\":\"https:\/\/www.millerthomson.com\/fr\/\",\"logo\":{\"@type\":\"ImageObject\",\"inLanguage\":\"fr-FR\",\"@id\":\"https:\/\/www.millerthomson.com\/fr\/#\/schema\/logo\/image\/\",\"url\":\"https:\/\/www.millerthomson.com\/wp-content\/uploads\/2024\/10\/miller-thomson.svg\",\"contentUrl\":\"https:\/\/www.millerthomson.com\/wp-content\/uploads\/2024\/10\/miller-thomson.svg\",\"width\":380,\"height\":50,\"caption\":\"Miller Thomson | Cabinet de droit des affaires pancanadien\"},\"image\":{\"@id\":\"https:\/\/www.millerthomson.com\/fr\/#\/schema\/logo\/image\/\"},\"sameAs\":[\"https:\/\/www.facebook.com\/MillerThomsonLaw\/\",\"https:\/\/x.com\/millerthomson\",\"https:\/\/www.linkedin.com\/company\/miller-thomson-llp\/\",\"https:\/\/www.youtube.com\/@millerthomson\"]}]}<\/script>\n<!-- \/ Yoast SEO plugin. -->","yoast_head_json":{"title":"Victoire juridique pour l\u2019Association des familles des victimes du vol\u00a0PS752 | Miller Thomson","robots":{"index":"index","follow":"follow","max-snippet":"max-snippet:-1","max-image-preview":"max-image-preview:large","max-video-preview":"max-video-preview:-1"},"canonical":"https:\/\/www.millerthomson.com\/fr\/transactions-et-causes\/legal-victory-for-the-association-of-families-of-flight-ps752-victims\/","og_locale":"fr_FR","og_type":"article","og_title":"Victoire juridique pour l\u2019Association des familles des victimes du vol\u00a0PS752 | Miller Thomson","og_description":"Le 27&nbsp;novembre&nbsp;2024, la Cour sup\u00e9rieure de l\u2019Ontario a rejet\u00e9 une action en justice intent\u00e9e contre l\u2019organisme \u00e0 but non lucratif Association des familles des victimes du vol&nbsp;PS752 (l\u2019\u00ab&nbsp;Association&nbsp;\u00bb) par l\u2019un de ses membres, Mehrzad Zarei. Dans sa d\u00e9cision, la Cour a confirm\u00e9 que l\u2019Association n\u2019avait pas agi de mani\u00e8re inappropri\u00e9e ou oppressive envers M.&nbsp;Zarei et [&hellip;]","og_url":"https:\/\/www.millerthomson.com\/fr\/transactions-et-causes\/legal-victory-for-the-association-of-families-of-flight-ps752-victims\/","og_site_name":"Miller Thomson","article_publisher":"https:\/\/www.facebook.com\/MillerThomsonLaw\/","article_modified_time":"2025-01-23T17:09:26+00:00","twitter_card":"summary_large_image","twitter_site":"@millerthomson","twitter_misc":{"Est. reading time":"3 minutes"},"schema":{"@context":"https:\/\/schema.org","@graph":[{"@type":"WebPage","@id":"https:\/\/www.millerthomson.com\/fr\/transactions-et-causes\/legal-victory-for-the-association-of-families-of-flight-ps752-victims\/","url":"https:\/\/www.millerthomson.com\/fr\/transactions-et-causes\/legal-victory-for-the-association-of-families-of-flight-ps752-victims\/","name":"Victoire juridique pour l\u2019Association des familles des victimes du vol\u00a0PS752 | Miller Thomson","isPartOf":{"@id":"https:\/\/www.millerthomson.com\/fr\/#website"},"datePublished":"2025-01-23T16:32:02+00:00","dateModified":"2025-01-23T17:09:26+00:00","breadcrumb":{"@id":"https:\/\/www.millerthomson.com\/fr\/transactions-et-causes\/legal-victory-for-the-association-of-families-of-flight-ps752-victims\/#breadcrumb"},"inLanguage":"fr-FR","potentialAction":[{"@type":"ReadAction","target":["https:\/\/www.millerthomson.com\/fr\/transactions-et-causes\/legal-victory-for-the-association-of-families-of-flight-ps752-victims\/"]}]},{"@type":"BreadcrumbList","@id":"https:\/\/www.millerthomson.com\/fr\/transactions-et-causes\/legal-victory-for-the-association-of-families-of-flight-ps752-victims\/#breadcrumb","itemListElement":[{"@type":"ListItem","position":1,"name":"Accueil","item":"https:\/\/www.millerthomson.com\/fr\/"},{"@type":"ListItem","position":2,"name":"Transactions et mandats","item":"https:\/\/www.millerthomson.com\/fr\/transactions-et-causes\/"},{"@type":"ListItem","position":3,"name":"Victoire juridique pour l\u2019Association des familles des victimes du vol\u00a0PS752"}]},{"@type":"WebSite","@id":"https:\/\/www.millerthomson.com\/fr\/#website","url":"https:\/\/www.millerthomson.com\/fr\/","name":"Miller Thomson | Cabinet de droit des affaires pancanadien","description":"National law firm providing business law expertise and litigation and disputes services for businesses across Canada since 1957.","publisher":{"@id":"https:\/\/www.millerthomson.com\/fr\/#organization"},"potentialAction":[{"@type":"SearchAction","target":{"@type":"EntryPoint","urlTemplate":"https:\/\/www.millerthomson.com\/fr\/?s={search_term_string}"},"query-input":{"@type":"PropertyValueSpecification","valueRequired":true,"valueName":"search_term_string"}}],"inLanguage":"fr-FR"},{"@type":"Organization","@id":"https:\/\/www.millerthomson.com\/fr\/#organization","name":"Miller Thomson | Cabinet de droit des affaires pancanadien","url":"https:\/\/www.millerthomson.com\/fr\/","logo":{"@type":"ImageObject","inLanguage":"fr-FR","@id":"https:\/\/www.millerthomson.com\/fr\/#\/schema\/logo\/image\/","url":"https:\/\/www.millerthomson.com\/wp-content\/uploads\/2024\/10\/miller-thomson.svg","contentUrl":"https:\/\/www.millerthomson.com\/wp-content\/uploads\/2024\/10\/miller-thomson.svg","width":380,"height":50,"caption":"Miller Thomson | Cabinet de droit des affaires pancanadien"},"image":{"@id":"https:\/\/www.millerthomson.com\/fr\/#\/schema\/logo\/image\/"},"sameAs":["https:\/\/www.facebook.com\/MillerThomsonLaw\/","https:\/\/x.com\/millerthomson","https:\/\/www.linkedin.com\/company\/miller-thomson-llp\/","https:\/\/www.youtube.com\/@millerthomson"]}]}},"_links":{"self":[{"href":"https:\/\/www.millerthomson.com\/fr\/wp-json\/wp\/v2\/deals-cases\/26756","targetHints":{"allow":["GET"]}}],"collection":[{"href":"https:\/\/www.millerthomson.com\/fr\/wp-json\/wp\/v2\/deals-cases"}],"about":[{"href":"https:\/\/www.millerthomson.com\/fr\/wp-json\/wp\/v2\/types\/deals-cases"}],"author":[{"embeddable":true,"href":"https:\/\/www.millerthomson.com\/fr\/wp-json\/wp\/v2\/users\/92"}],"version-history":[{"count":0,"href":"https:\/\/www.millerthomson.com\/fr\/wp-json\/wp\/v2\/deals-cases\/26756\/revisions"}],"wp:attachment":[{"href":"https:\/\/www.millerthomson.com\/fr\/wp-json\/wp\/v2\/media?parent=26756"}],"curies":[{"name":"wp","href":"https:\/\/api.w.org\/{rel}","templated":true}]}}